{"id":2237,"date":"2017-08-13T11:03:52","date_gmt":"2017-08-13T09:03:52","guid":{"rendered":"http:\/\/lorrylesmetz-histoire.fr\/?page_id=2237"},"modified":"2017-08-13T11:05:09","modified_gmt":"2017-08-13T09:05:09","slug":"a-03","status":"publish","type":"page","link":"http:\/\/lorrylesmetz-histoire.fr\/?page_id=2237","title":{"rendered":"Salon du livre d\u2019Histoire de la ville de Woippy"},"content":{"rendered":"<h2>17\u00a0novembre\u00a02012<\/h2>\n<p>Lorry-l\u00e8s-Metz \u00ab\u00a0au fil du Temps\u00a0\u00bb participe au 10<sup>e <\/sup>\u00a0salon du livre d\u2019Histoire de la ville de Woippy avec son stand \u00e9tabli dans le quartier des associations. Sont pr\u00e9sent\u00e9s les bulletins et les travaux.<\/p>\n<p>Le th\u00e8me du salon, parrain\u00e9 par Thierry\u00a0Lents, directeur de la Fondation Napol\u00e9on\u00a0: \u00ab\u00a0<em>L\u2019Empire \u00e0 Metz et en Pays messin\u00a0\u00bb. <\/em>Quelque 100\u00a0\u00e9crivains et 25\u00a0soci\u00e9t\u00e9s d\u2019histoire, dont celle du Mus\u00e9e de la Cour d\u2019Or, qui ont pris leurs quartiers \u00e0 la salle Saint-Exup\u00e9ry.<\/p>\n<p>Des conf\u00e9rences et des tables rondes se succ\u00e8deront tout au long du week-end.<\/p>\n<p><a href=\"http:\/\/lorrylesmetz-histoire.fr\/wp-content\/uploads\/2017\/08\/1-14.jpg\" target=\"_blank\" rel=\"noopener\"><img loading=\"lazy\" decoding=\"async\" class=\"aligncenter wp-image-2249 size-medium\" src=\"http:\/\/lorrylesmetz-histoire.fr\/wp-content\/uploads\/2017\/08\/1-14-300x264.jpg\" alt=\"\" width=\"300\" height=\"264\" srcset=\"http:\/\/lorrylesmetz-histoire.fr\/wp-content\/uploads\/2017\/08\/1-14-300x264.jpg 300w, http:\/\/lorrylesmetz-histoire.fr\/wp-content\/uploads\/2017\/08\/1-14.jpg 500w\" sizes=\"auto, (max-width: 300px) 100vw, 300px\" \/><\/a> <a href=\"http:\/\/lorrylesmetz-histoire.fr\/wp-content\/uploads\/2017\/08\/2-14.jpg\" target=\"_blank\" rel=\"noopener\"><img loading=\"lazy\" decoding=\"async\" class=\"aligncenter wp-image-2248 size-medium\" src=\"http:\/\/lorrylesmetz-histoire.fr\/wp-content\/uploads\/2017\/08\/2-14-300x212.jpg\" alt=\"\" width=\"300\" height=\"212\" srcset=\"http:\/\/lorrylesmetz-histoire.fr\/wp-content\/uploads\/2017\/08\/2-14-300x212.jpg 300w, http:\/\/lorrylesmetz-histoire.fr\/wp-content\/uploads\/2017\/08\/2-14.jpg 330w\" sizes=\"auto, (max-width: 300px) 100vw, 300px\" \/><\/a>Photos du <em>R\u00e9publicain Lorrain<\/em>.<\/p>\n<p><a href=\"http:\/\/lorrylesmetz-histoire.fr\/?page_id=2228\"><img loading=\"lazy\" decoding=\"async\" class=\"alignnone size-full wp-image-378\" src=\"http:\/\/lorrylesmetz-histoire.fr\/wp-content\/uploads\/2017\/05\/retour.png\" alt=\"\" width=\"89\" height=\"31\" \/><\/a><\/p>\n","protected":false},"excerpt":{"rendered":"<p>17\u00a0novembre\u00a02012 Lorry-l\u00e8s-Metz \u00ab\u00a0au fil du Temps\u00a0\u00bb participe au 10e \u00a0salon du livre d\u2019Histoire de la ville de Woippy avec son stand \u00e9tabli dans le quartier des associations. Sont pr\u00e9sent\u00e9s les bulletins et les travaux. Le th\u00e8me du salon, parrain\u00e9 par&hellip; <\/p>\n","protected":false},"author":1,"featured_media":0,"parent":2228,"menu_order":2,"comment_status":"closed","ping_status":"closed","template":"","meta":{"_mc_calendar":[],"footnotes":""},"class_list":["post-2237","page","type-page","status-publish","hentry"],"_links":{"self":[{"href":"http:\/\/lorrylesmetz-histoire.fr\/index.php?rest_route=\/wp\/v2\/pages\/2237","targetHints":{"allow":["GET"]}}],"collection":[{"href":"http:\/\/lorrylesmetz-histoire.fr\/index.php?rest_route=\/wp\/v2\/pages"}],"about":[{"href":"http:\/\/lorrylesmetz-histoire.fr\/index.php?rest_route=\/wp\/v2\/types\/page"}],"author":[{"embeddable":true,"href":"http:\/\/lorrylesmetz-histoire.fr\/index.php?rest_route=\/wp\/v2\/users\/1"}],"replies":[{"embeddable":true,"href":"http:\/\/lorrylesmetz-histoire.fr\/index.php?rest_route=%2Fwp%2Fv2%2Fcomments&post=2237"}],"version-history":[{"count":2,"href":"http:\/\/lorrylesmetz-histoire.fr\/index.php?rest_route=\/wp\/v2\/pages\/2237\/revisions"}],"predecessor-version":[{"id":2252,"href":"http:\/\/lorrylesmetz-histoire.fr\/index.php?rest_route=\/wp\/v2\/pages\/2237\/revisions\/2252"}],"up":[{"embeddable":true,"href":"http:\/\/lorrylesmetz-histoire.fr\/index.php?rest_route=\/wp\/v2\/pages\/2228"}],"wp:attachment":[{"href":"http:\/\/lorrylesmetz-histoire.fr\/index.php?rest_route=%2Fwp%2Fv2%2Fmedia&parent=2237"}],"curies":[{"name":"wp","href":"https:\/\/api.w.org\/{rel}","templated":true}]}}