{"id":2255,"date":"2017-08-13T11:22:33","date_gmt":"2017-08-13T09:22:33","guid":{"rendered":"http:\/\/lorrylesmetz-histoire.fr\/?page_id=2255"},"modified":"2018-01-06T09:34:33","modified_gmt":"2018-01-06T08:34:33","slug":"201-03","status":"publish","type":"page","link":"http:\/\/lorrylesmetz-histoire.fr\/?page_id=2255","title":{"rendered":"2009"},"content":{"rendered":"<table style=\"width: 603px;\">\n<tbody>\n<tr>\n<td style=\"width: 113px;\">3\u00a0ao\u00fbt 2009<\/td>\n<td style=\"width: 295.683px;\">Visite du docteur Guillot \u00e0 Lorry-l\u00e8s-Metz<\/td>\n<td style=\"width: 107.317px;\"><a href=\"http:\/\/lorrylesmetz-histoire.fr\/?page_id=2376\"><img loading=\"lazy\" decoding=\"async\" class=\"alignnone size-full wp-image-683\" src=\"http:\/\/lorrylesmetz-histoire.fr\/wp-content\/uploads\/2017\/05\/voir.png\" alt=\"\" width=\"89\" height=\"31\" \/><\/a><\/td>\n<\/tr>\n<tr>\n<td style=\"width: 113px;\">29\u00a0juillet\u00a02009<\/td>\n<td style=\"width: 295.683px;\">Visite de Vic-sur-Seille<\/td>\n<td style=\"width: 107.317px;\"><a href=\"http:\/\/lorrylesmetz-histoire.fr\/?page_id=2375\"><img loading=\"lazy\" decoding=\"async\" class=\"alignnone size-full wp-image-683\" src=\"http:\/\/lorrylesmetz-histoire.fr\/wp-content\/uploads\/2017\/05\/voir.png\" alt=\"\" width=\"89\" height=\"31\" \/><\/a><\/td>\n<\/tr>\n<tr>\n<td style=\"width: 113px;\">29\u00a0juillet\u00a02009<\/td>\n<td style=\"width: 295.683px;\">Visite du mus\u00e9e du sel \u00e0 Marsal<\/td>\n<td style=\"width: 107.317px;\"><a href=\"http:\/\/lorrylesmetz-histoire.fr\/?page_id=2374\"><img loading=\"lazy\" decoding=\"async\" class=\"alignnone wp-image-683 size-full\" src=\"http:\/\/lorrylesmetz-histoire.fr\/wp-content\/uploads\/2017\/05\/voir.png?_t=1502793271\" alt=\"\" width=\"89\" height=\"31\" \/><\/a><\/td>\n<\/tr>\n<tr>\n<td style=\"width: 113px;\">29\u00a0juillet\u00a02009<\/td>\n<td style=\"width: 295.683px;\">Exposition Gall\u00e9 au mus\u00e9e de Vic-sur-Seille<\/td>\n<td style=\"width: 107.317px;\"><a href=\"http:\/\/lorrylesmetz-histoire.fr\/?page_id=2373\"><img loading=\"lazy\" decoding=\"async\" class=\"alignnone wp-image-683 size-full\" src=\"http:\/\/lorrylesmetz-histoire.fr\/wp-content\/uploads\/2017\/05\/voir.png\" alt=\"\" width=\"89\" height=\"31\" \/><\/a><\/td>\n<\/tr>\n<tr>\n<td style=\"width: 113px;\">19\u00a0juin\u00a02009<\/td>\n<td style=\"width: 295.683px;\">Bicentenaire du rattachement de Vigneulles \u00e0 Lorry-l\u00e8s-Metz<\/td>\n<td style=\"width: 107.317px;\"><a href=\"http:\/\/lorrylesmetz-histoire.fr\/?page_id=2372\"><img loading=\"lazy\" decoding=\"async\" class=\"alignnone wp-image-683 size-full\" src=\"http:\/\/lorrylesmetz-histoire.fr\/wp-content\/uploads\/2017\/05\/voir.png?_t=1502783188\" alt=\"\" width=\"89\" height=\"31\" \/><\/a><\/td>\n<\/tr>\n<\/tbody>\n<\/table>\n<p><a href=\"http:\/\/lorrylesmetz-histoire.fr\/?page_id=60\"><img loading=\"lazy\" decoding=\"async\" class=\"alignnone wp-image-378 size-full\" src=\"http:\/\/lorrylesmetz-histoire.fr\/wp-content\/uploads\/2017\/05\/retour.png?_t=1502793580\" alt=\"\" width=\"89\" height=\"31\" \/><\/a><\/p>\n","protected":false},"excerpt":{"rendered":"<p>3\u00a0ao\u00fbt 2009 Visite du docteur Guillot \u00e0 Lorry-l\u00e8s-Metz 29\u00a0juillet\u00a02009 Visite de Vic-sur-Seille 29\u00a0juillet\u00a02009 Visite du mus\u00e9e du sel \u00e0 Marsal 29\u00a0juillet\u00a02009 Exposition Gall\u00e9 au mus\u00e9e de Vic-sur-Seille 19\u00a0juin\u00a02009 Bicentenaire du rattachement de Vigneulles \u00e0 Lorry-l\u00e8s-Metz<\/p>\n","protected":false},"author":1,"featured_media":0,"parent":60,"menu_order":18,"comment_status":"closed","ping_status":"closed","template":"","meta":{"_mc_calendar":[],"footnotes":""},"class_list":["post-2255","page","type-page","status-publish","hentry"],"_links":{"self":[{"href":"http:\/\/lorrylesmetz-histoire.fr\/index.php?rest_route=\/wp\/v2\/pages\/2255","targetHints":{"allow":["GET"]}}],"collection":[{"href":"http:\/\/lorrylesmetz-histoire.fr\/index.php?rest_route=\/wp\/v2\/pages"}],"about":[{"href":"http:\/\/lorrylesmetz-histoire.fr\/index.php?rest_route=\/wp\/v2\/types\/page"}],"author":[{"embeddable":true,"href":"http:\/\/lorrylesmetz-histoire.fr\/index.php?rest_route=\/wp\/v2\/users\/1"}],"replies":[{"embeddable":true,"href":"http:\/\/lorrylesmetz-histoire.fr\/index.php?rest_route=%2Fwp%2Fv2%2Fcomments&post=2255"}],"version-history":[{"count":10,"href":"http:\/\/lorrylesmetz-histoire.fr\/index.php?rest_route=\/wp\/v2\/pages\/2255\/revisions"}],"predecessor-version":[{"id":3091,"href":"http:\/\/lorrylesmetz-histoire.fr\/index.php?rest_route=\/wp\/v2\/pages\/2255\/revisions\/3091"}],"up":[{"embeddable":true,"href":"http:\/\/lorrylesmetz-histoire.fr\/index.php?rest_route=\/wp\/v2\/pages\/60"}],"wp:attachment":[{"href":"http:\/\/lorrylesmetz-histoire.fr\/index.php?rest_route=%2Fwp%2Fv2%2Fmedia&parent=2255"}],"curies":[{"name":"wp","href":"https:\/\/api.w.org\/{rel}","templated":true}]}}