{"id":2366,"date":"2017-08-14T11:19:11","date_gmt":"2017-08-14T09:19:11","guid":{"rendered":"http:\/\/lorrylesmetz-histoire.fr\/?page_id=2366"},"modified":"2017-08-14T11:19:40","modified_gmt":"2017-08-14T09:19:40","slug":"a-03","status":"publish","type":"page","link":"http:\/\/lorrylesmetz-histoire.fr\/?page_id=2366","title":{"rendered":"Assembl\u00e9e g\u00e9n\u00e9rale de la soci\u00e9t\u00e9 d\u2019Histoire de Woippy"},"content":{"rendered":"<h2>28\u00a0mars\u00a02010<\/h2>\n<p>Lorry-l\u00e8s-Metz \u00ab\u00a0au fil du Temps\u00a0\u00bb s\u2019est rendu \u00e0 l\u2019assembl\u00e9e g\u00e9n\u00e9rale de la soci\u00e9t\u00e9 d\u2019histoire de Woippy.<\/p>\n<p>Pierre\u00a0Brasme, son pr\u00e9sident, a ouvert la s\u00e9ance en rendant d\u2019abord un \u00e9mouvant hommage \u00e0 Armand\u00a0Henry, d\u00e9c\u00e9d\u00e9 au d\u00e9but de cette ann\u00e9e, qui entre 2000 et 2007 fut un membre actif du comit\u00e9 de direction et l\u2019auteur de plusieurs articles sur la p\u00e9riode\u00a01939-1945, en particulier l\u2019usine Hobus Werke, le camp de r\u00e9pression nazi de Woippy et les combats de la lib\u00e9ration de la cit\u00e9. Une minute de silence fut respect\u00e9e en sa m\u00e9moire.<\/p>\n<p>Puis il a lanc\u00e9 un appel \u00e0 la mobilisation de ses troupes pour poursuivre de fa\u00e7on satisfaisante l\u2019\u0153uvre de la SHW.<\/p>\n<p>Ensuite le public a pu \u00e9couter une conf\u00e9rence d\u2019Alain\u00a0Hilbold, membre de la SHW et animateur du groupe Histoire et patrimoine lorrain de l\u2019Imra (Institut mosellan pour une retraite active)\u00a0: \u00ab\u00a0Metz et son pass\u00e9\u00a0: la singuli\u00e8re histoire de l\u2019eau\u00a0\u00bb, illustr\u00e9e de nombreux documents qui ont permis de d\u00e9couvrir Metz sous un aspect souvent m\u00e9connu.<\/p>\n<p><a href=\"http:\/\/lorrylesmetz-histoire.fr\/wp-content\/uploads\/2017\/08\/AG-SHW-1.jpg\" target=\"_blank\" rel=\"noopener\"><img loading=\"lazy\" decoding=\"async\" class=\"wp-image-2416 size-medium aligncenter\" src=\"http:\/\/lorrylesmetz-histoire.fr\/wp-content\/uploads\/2017\/08\/AG-SHW-1-300x135.jpg\" alt=\"\" width=\"300\" height=\"135\" srcset=\"http:\/\/lorrylesmetz-histoire.fr\/wp-content\/uploads\/2017\/08\/AG-SHW-1-300x135.jpg 300w, http:\/\/lorrylesmetz-histoire.fr\/wp-content\/uploads\/2017\/08\/AG-SHW-1-670x300.jpg 670w, http:\/\/lorrylesmetz-histoire.fr\/wp-content\/uploads\/2017\/08\/AG-SHW-1.jpg 680w\" sizes=\"auto, (max-width: 300px) 100vw, 300px\" \/><\/a> <a href=\"http:\/\/lorrylesmetz-histoire.fr\/wp-content\/uploads\/2017\/08\/AG-SHW-10-28marsB.jpg\" target=\"_blank\" rel=\"noopener\"><img loading=\"lazy\" decoding=\"async\" class=\"aligncenter wp-image-2415 size-medium\" src=\"http:\/\/lorrylesmetz-histoire.fr\/wp-content\/uploads\/2017\/08\/AG-SHW-10-28marsB-300x192.jpg\" alt=\"\" width=\"300\" height=\"192\" srcset=\"http:\/\/lorrylesmetz-histoire.fr\/wp-content\/uploads\/2017\/08\/AG-SHW-10-28marsB-300x192.jpg 300w, http:\/\/lorrylesmetz-histoire.fr\/wp-content\/uploads\/2017\/08\/AG-SHW-10-28marsB.jpg 320w\" sizes=\"auto, (max-width: 300px) 100vw, 300px\" \/><\/a>Photos du R\u00e9publicain Lorrain<\/p>\n<p><a href=\"http:\/\/lorrylesmetz-histoire.fr\/?page_id=2230\"><img loading=\"lazy\" decoding=\"async\" class=\"alignnone size-full wp-image-378\" src=\"http:\/\/lorrylesmetz-histoire.fr\/wp-content\/uploads\/2017\/05\/retour.png\" alt=\"\" width=\"89\" height=\"31\" \/><\/a><\/p>\n","protected":false},"excerpt":{"rendered":"<p>28\u00a0mars\u00a02010 Lorry-l\u00e8s-Metz \u00ab\u00a0au fil du Temps\u00a0\u00bb s\u2019est rendu \u00e0 l\u2019assembl\u00e9e g\u00e9n\u00e9rale de la soci\u00e9t\u00e9 d\u2019histoire de Woippy. Pierre\u00a0Brasme, son pr\u00e9sident, a ouvert la s\u00e9ance en rendant d\u2019abord un \u00e9mouvant hommage \u00e0 Armand\u00a0Henry, d\u00e9c\u00e9d\u00e9 au d\u00e9but de cette ann\u00e9e, qui entre&hellip; <\/p>\n","protected":false},"author":1,"featured_media":0,"parent":2230,"menu_order":2,"comment_status":"closed","ping_status":"closed","template":"","meta":{"_mc_calendar":[],"footnotes":""},"class_list":["post-2366","page","type-page","status-publish","hentry"],"_links":{"self":[{"href":"http:\/\/lorrylesmetz-histoire.fr\/index.php?rest_route=\/wp\/v2\/pages\/2366","targetHints":{"allow":["GET"]}}],"collection":[{"href":"http:\/\/lorrylesmetz-histoire.fr\/index.php?rest_route=\/wp\/v2\/pages"}],"about":[{"href":"http:\/\/lorrylesmetz-histoire.fr\/index.php?rest_route=\/wp\/v2\/types\/page"}],"author":[{"embeddable":true,"href":"http:\/\/lorrylesmetz-histoire.fr\/index.php?rest_route=\/wp\/v2\/users\/1"}],"replies":[{"embeddable":true,"href":"http:\/\/lorrylesmetz-histoire.fr\/index.php?rest_route=%2Fwp%2Fv2%2Fcomments&post=2366"}],"version-history":[{"count":1,"href":"http:\/\/lorrylesmetz-histoire.fr\/index.php?rest_route=\/wp\/v2\/pages\/2366\/revisions"}],"predecessor-version":[{"id":2425,"href":"http:\/\/lorrylesmetz-histoire.fr\/index.php?rest_route=\/wp\/v2\/pages\/2366\/revisions\/2425"}],"up":[{"embeddable":true,"href":"http:\/\/lorrylesmetz-histoire.fr\/index.php?rest_route=\/wp\/v2\/pages\/2230"}],"wp:attachment":[{"href":"http:\/\/lorrylesmetz-histoire.fr\/index.php?rest_route=%2Fwp%2Fv2%2Fmedia&parent=2366"}],"curies":[{"name":"wp","href":"https:\/\/api.w.org\/{rel}","templated":true}]}}