{"id":2372,"date":"2017-08-14T17:23:52","date_gmt":"2017-08-14T15:23:52","guid":{"rendered":"http:\/\/lorrylesmetz-histoire.fr\/?page_id=2372"},"modified":"2023-12-19T18:49:32","modified_gmt":"2023-12-19T17:49:32","slug":"a-01","status":"publish","type":"page","link":"http:\/\/lorrylesmetz-histoire.fr\/?page_id=2372","title":{"rendered":"Bicentenaire du rattachement de Vigneulles \u00e0 Lorry-l\u00e8s-Metz"},"content":{"rendered":"<h2>19\u00a0juin\u00a02009<\/h2>\n<p>Lorry-l\u00e8s-Metz \u00ab\u00a0au fil du temps\u00a0\u00bb a d\u00e9cid\u00e9 d\u2019une importante manifestation pour c\u00e9l\u00e9brer le bicentenaire du rattachement du village de Vigneulles \u00e0 Lorry-devant-Metz en 1809 sur la d\u00e9cision de Napol\u00e9on\u00a0I<sup>er<\/sup>.<\/p>\n<p>Car c\u2019est \u00e0 la R\u00e9volution que la notion de territoire change fondamentalement. La France cesse d\u2019\u00eatre une juxtaposition de principaut\u00e9s, chacune d\u2019elle ayant un lien de subordination particulier au roi qui en contrepartie garantit ses privil\u00e8ges et ses droits. Le territoire est d\u00e9sormais consid\u00e9r\u00e9 comme un tout indivisible dont dispose la nation, la collectivit\u00e9 souveraine des citoyens. Dans cette logique les provinces sont supprim\u00e9es et le territoire est d\u00e9coup\u00e9 en unit\u00e9s administratives dot\u00e9es d\u2019un statut juridique uniforme\u00a0: les d\u00e9partements.<\/p>\n<p>La lecture chronologique des nombreux \u00e9crits administratifs concernant cette \u00e9norme restructuration risquait d\u2019\u00eatre r\u00e9barbative. Il fallait construire un lien agr\u00e9able pour pr\u00e9senter le contexte de l\u2019\u00e9poque et les documents. C\u2019est ainsi qu\u2019est n\u00e9e l\u2019id\u00e9e d\u2019une conf\u00e9rence th\u00e9\u00e2trale (une unique repr\u00e9sentation) qui enthousiasma les membres de l\u2019association.<\/p>\n<p>Chacun prit un personnage, le pr\u00e9sident, Fran\u00e7ois\u00a0Courtade, se chargea du r\u00f4le tr\u00e8s long du conf\u00e9rencier, et sous l\u2019\u00e9gide de Guyl\u00e8ne\u00a0Finance, metteur en sc\u00e8ne, un travail de six mois commen\u00e7a\u00a0: r\u00e9p\u00e9titions, mise en place, cr\u00e9ation de diaporamas, documentation sur les costumes, achat et location de mat\u00e9riel, bricolages divers, son et chants.<\/p>\n<p>Le public \u00e9tait int\u00e9gr\u00e9 dans le champ d\u2019action des acteurs\u00a0: une vingtaine de gu\u00e9ridons napp\u00e9s de bleu, fleuris bleu-blanc-rouge, \u00e9taient diss\u00e9min\u00e9s dans la salle et accueillaient cinq personnes chacun.<\/p>\n<p>La repr\u00e9sentation d\u2019une heure trente fut tr\u00e8s appr\u00e9ci\u00e9e et se finit par une marche aux lampions jusqu\u2019\u00e0 Vigneulles o\u00f9 ceux qui ne jouaient pas avaient pr\u00e9par\u00e9 un ap\u00e9ritif villageois.<\/p>\n<p><!-- Sc\u00e9nario du spectacle : <a href=\"http:\/\/lorrylesmetz-histoire.fr\/wp-content\/uploads\/2017\/08\/LIVRET.pdf\" target=\"_blank\" rel=\"noopener\"><img loading=\"lazy\" decoding=\"async\" class=\"alignnone wp-image-683 size-full\" src=\"http:\/\/lorrylesmetz-histoire.fr\/wp-content\/uploads\/2017\/05\/voir.png\" alt=\"\" width=\"89\" height=\"31\" \/><\/a> [media-downloader media_id=\"2603\" image_url=\"http:\/\/lorrylesmetz-histoire.fr\/wp-content\/uploads\/2017\/05\/telecharger_pdf.png\"]\n\n[metaslider id=2556]\n\nPhotos G\u00e9rard\u00a0Kester. --><\/p>\n<p><a href=\"http:\/\/lorrylesmetz-histoire.fr\/?page_id=2255\"><img loading=\"lazy\" decoding=\"async\" class=\"alignnone wp-image-378 size-full\" src=\"http:\/\/lorrylesmetz-histoire.fr\/wp-content\/uploads\/2017\/05\/retour.png?_t=1502724219\" alt=\"\" width=\"89\" height=\"31\" \/><\/a><\/p>\n","protected":false},"excerpt":{"rendered":"<p>19\u00a0juin\u00a02009 Lorry-l\u00e8s-Metz \u00ab\u00a0au fil du temps\u00a0\u00bb a d\u00e9cid\u00e9 d\u2019une importante manifestation pour c\u00e9l\u00e9brer le bicentenaire du rattachement du village de Vigneulles \u00e0 Lorry-devant-Metz en 1809 sur la d\u00e9cision de Napol\u00e9on\u00a0Ier. Car c\u2019est \u00e0 la R\u00e9volution que la notion de territoire&hellip; <\/p>\n","protected":false},"author":1,"featured_media":0,"parent":2255,"menu_order":0,"comment_status":"closed","ping_status":"closed","template":"","meta":{"_mc_calendar":[],"footnotes":""},"class_list":["post-2372","page","type-page","status-publish","hentry"],"_links":{"self":[{"href":"http:\/\/lorrylesmetz-histoire.fr\/index.php?rest_route=\/wp\/v2\/pages\/2372","targetHints":{"allow":["GET"]}}],"collection":[{"href":"http:\/\/lorrylesmetz-histoire.fr\/index.php?rest_route=\/wp\/v2\/pages"}],"about":[{"href":"http:\/\/lorrylesmetz-histoire.fr\/index.php?rest_route=\/wp\/v2\/types\/page"}],"author":[{"embeddable":true,"href":"http:\/\/lorrylesmetz-histoire.fr\/index.php?rest_route=\/wp\/v2\/users\/1"}],"replies":[{"embeddable":true,"href":"http:\/\/lorrylesmetz-histoire.fr\/index.php?rest_route=%2Fwp%2Fv2%2Fcomments&post=2372"}],"version-history":[{"count":6,"href":"http:\/\/lorrylesmetz-histoire.fr\/index.php?rest_route=\/wp\/v2\/pages\/2372\/revisions"}],"predecessor-version":[{"id":7527,"href":"http:\/\/lorrylesmetz-histoire.fr\/index.php?rest_route=\/wp\/v2\/pages\/2372\/revisions\/7527"}],"up":[{"embeddable":true,"href":"http:\/\/lorrylesmetz-histoire.fr\/index.php?rest_route=\/wp\/v2\/pages\/2255"}],"wp:attachment":[{"href":"http:\/\/lorrylesmetz-histoire.fr\/index.php?rest_route=%2Fwp%2Fv2%2Fmedia&parent=2372"}],"curies":[{"name":"wp","href":"https:\/\/api.w.org\/{rel}","templated":true}]}}