{"id":2377,"date":"2017-08-14T13:57:31","date_gmt":"2017-08-14T11:57:31","guid":{"rendered":"http:\/\/lorrylesmetz-histoire.fr\/?page_id=2377"},"modified":"2017-08-14T14:32:29","modified_gmt":"2017-08-14T12:32:29","slug":"a-01","status":"publish","type":"page","link":"http:\/\/lorrylesmetz-histoire.fr\/?page_id=2377","title":{"rendered":"Assembl\u00e9e g\u00e9n\u00e9rale des Amis du vieux Plappeville et exposition"},"content":{"rendered":"<h2>27- 29 mars\u00a02009<\/h2>\n<p>Lorry-l\u00e8s-Metz \u00ab\u00a0au fil du Temps\u00a0\u00bb a assist\u00e9 \u00e0 l\u2019assembl\u00e9e g\u00e9n\u00e9rale des Amis du Vieux Plappeville. Une conf\u00e9rence photos de Jean-Claude\u00a0Berrar \u2013<em> Metz, retour \u00e0 la France <\/em>\u2013 a termin\u00e9 la s\u00e9ance.<\/p>\n<p>Le lendemain, conf\u00e9rence photos de Philippe\u00a0Wilmouth\u00a0: Les difficult\u00e9s du retour \u00e0 la France.<\/p>\n<p>C\u2019est en commen\u00e7ant \u00e0 rassembler de la documentation sur la Moselle en 1939-45 pour une exploitation p\u00e9dagogique que Philippe\u00a0Wilmouth constata que les documents sont rares et que l\u2019Histoire de l\u2019Annexion reste tabou. Il cr\u00e9a donc une association\u00a0: l\u2019Ascom\u00e9mo (Association pour la conservation de la m\u00e9moire de la Moselle en 1940-45).<\/p>\n<h2>Exposition R\u00e9trospective\u00a01914-1918<\/h2>\n<p>Compos\u00e9e d\u2019objets et de documents d\u2019\u00e9poque provenant des recherches des Amis du Vieux Plappeville, ainsi que de Plappevillois et d\u2019associations historiques locales, cette exposition veut montrer la vie quotidienne durant la Premi\u00e8re Guerre mondiale.<\/p>\n<p><a href=\"http:\/\/lorrylesmetz-histoire.fr\/wp-content\/uploads\/2017\/08\/AG-AVP-2.jpg\" target=\"_blank\" rel=\"noopener\"><img loading=\"lazy\" decoding=\"async\" class=\"aligncenter wp-image-2447 size-medium\" src=\"http:\/\/lorrylesmetz-histoire.fr\/wp-content\/uploads\/2017\/08\/AG-AVP-2-300x225.jpg?_t=1502713623\" alt=\"\" width=\"300\" height=\"225\" srcset=\"http:\/\/lorrylesmetz-histoire.fr\/wp-content\/uploads\/2017\/08\/AG-AVP-2-300x225.jpg 300w, http:\/\/lorrylesmetz-histoire.fr\/wp-content\/uploads\/2017\/08\/AG-AVP-2-768x576.jpg 768w, http:\/\/lorrylesmetz-histoire.fr\/wp-content\/uploads\/2017\/08\/AG-AVP-2.jpg 800w\" sizes=\"auto, (max-width: 300px) 100vw, 300px\" \/><\/a>Photos extraites du site des Amis du Vieux Plappeville.<\/p>\n<p><a href=\"http:\/\/lorrylesmetz-histoire.fr\/?page_id=2229\"><img loading=\"lazy\" decoding=\"async\" class=\"alignnone wp-image-378 size-full\" src=\"http:\/\/lorrylesmetz-histoire.fr\/wp-content\/uploads\/2017\/05\/retour.png\" alt=\"\" width=\"89\" height=\"31\" \/><\/a><\/p>\n","protected":false},"excerpt":{"rendered":"<p>27- 29 mars\u00a02009 Lorry-l\u00e8s-Metz \u00ab\u00a0au fil du Temps\u00a0\u00bb a assist\u00e9 \u00e0 l\u2019assembl\u00e9e g\u00e9n\u00e9rale des Amis du Vieux Plappeville. Une conf\u00e9rence photos de Jean-Claude\u00a0Berrar \u2013 Metz, retour \u00e0 la France \u2013 a termin\u00e9 la s\u00e9ance. Le lendemain, conf\u00e9rence photos de Philippe\u00a0Wilmouth\u00a0:&hellip; <\/p>\n","protected":false},"author":1,"featured_media":0,"parent":2229,"menu_order":0,"comment_status":"closed","ping_status":"closed","template":"","meta":{"_mc_calendar":[],"footnotes":""},"class_list":["post-2377","page","type-page","status-publish","hentry"],"_links":{"self":[{"href":"http:\/\/lorrylesmetz-histoire.fr\/index.php?rest_route=\/wp\/v2\/pages\/2377","targetHints":{"allow":["GET"]}}],"collection":[{"href":"http:\/\/lorrylesmetz-histoire.fr\/index.php?rest_route=\/wp\/v2\/pages"}],"about":[{"href":"http:\/\/lorrylesmetz-histoire.fr\/index.php?rest_route=\/wp\/v2\/types\/page"}],"author":[{"embeddable":true,"href":"http:\/\/lorrylesmetz-histoire.fr\/index.php?rest_route=\/wp\/v2\/users\/1"}],"replies":[{"embeddable":true,"href":"http:\/\/lorrylesmetz-histoire.fr\/index.php?rest_route=%2Fwp%2Fv2%2Fcomments&post=2377"}],"version-history":[{"count":4,"href":"http:\/\/lorrylesmetz-histoire.fr\/index.php?rest_route=\/wp\/v2\/pages\/2377\/revisions"}],"predecessor-version":[{"id":2466,"href":"http:\/\/lorrylesmetz-histoire.fr\/index.php?rest_route=\/wp\/v2\/pages\/2377\/revisions\/2466"}],"up":[{"embeddable":true,"href":"http:\/\/lorrylesmetz-histoire.fr\/index.php?rest_route=\/wp\/v2\/pages\/2229"}],"wp:attachment":[{"href":"http:\/\/lorrylesmetz-histoire.fr\/index.php?rest_route=%2Fwp%2Fv2%2Fmedia&parent=2377"}],"curies":[{"name":"wp","href":"https:\/\/api.w.org\/{rel}","templated":true}]}}