{"id":2379,"date":"2017-08-14T14:08:31","date_gmt":"2017-08-14T12:08:31","guid":{"rendered":"http:\/\/lorrylesmetz-histoire.fr\/?page_id=2379"},"modified":"2017-08-14T14:10:26","modified_gmt":"2017-08-14T12:10:26","slug":"a-03","status":"publish","type":"page","link":"http:\/\/lorrylesmetz-histoire.fr\/?page_id=2379","title":{"rendered":"R\u00e9union du comit\u00e9 d\u2019histoire du Pays Pessin"},"content":{"rendered":"<h2>26\u00a0juin\u00a02009<\/h2>\n<p>L\u2019intercommunale des historiens<\/p>\n<p><em>Une premi\u00e8re \u00e0 Woippy\u00a0: une douzaine d\u2019associations d\u2019histoire de Metz et du Pays messin se sont rencontr\u00e9es afin de d\u00e9finir des projets communs. Objectif\u00a0: cr\u00e9er une synergie culturelle et dynamiser l\u2019action de l\u2019ensemble des soci\u00e9t\u00e9s d\u2019histoire.<\/em><\/p>\n<p>C\u2019est \u00e0 l\u2019initiative de Pierre\u00a0Brasme, pr\u00e9sident de la Soci\u00e9t\u00e9 d\u2019histoire de Woippy, que se sont rencontr\u00e9s en mairie de Woippy les pr\u00e9sidents ou repr\u00e9sentants de plusieurs associations consacr\u00e9es \u00e0 l\u2019histoire et au patrimoine de Metz et du Pays messin\u00a0: outre la S.H.W \u00e9taient pr\u00e9sents le Mouvement culturel du Ban-Saint-Martin, Lorry-l\u00e8s-Metz \u00ab\u00a0au fil du temps\u00a0\u00bb, Les Amis du Vieux Plappeville, Montigny autrefois, Renaissance du Vieux Metz et des Pays lorrains, Du Chaussy \u00e0 Courcelles, le Foyer culturel de Moulins-l\u00e8s-Metz, le Comit\u00e9 d\u2019Historicit\u00e9 europ\u00e9enne de la Lorraine, le groupe Histoire et patrimoine Lorrain de l\u2019Imra, et le Syndicat d\u2019Initiative de Courcelles-Chaussy. Des soci\u00e9t\u00e9s dont certaines travaillent d\u00e9j\u00e0 ensemble et se retrouvent d\u2019ailleurs chaque ann\u00e9e au Salon du Livre d\u2019Histoire de Woippy. Synergie.<\/p>\n<p>Dans son allocution de bienvenue, Pierre\u00a0Brasme a tenu \u00e0 rappeler l\u2019objectif de cette premi\u00e8re rencontre\u00a0: \u00ab\u00a0<em>J\u2019ai souhait\u00e9 que nous nous rencontrions pour \u00e9changer, et tenter de mieux travailler ensemble. Il ne s\u2019agit en aucun cas, dans mon esprit, de vous proposer une structure associative nouvelle, mais, avec vous, de cr\u00e9er une synergie qui impulsera \u00e0 chacune de nos soci\u00e9t\u00e9s et \u00e0 l\u2019ensemble qu\u2019elles forment un dynamisme nouveau. \u00c0 l\u2019heure de l\u2019intercommunalit\u00e9 et des projets communs, je suis persuad\u00e9 que, tout en conservant chacun notre sp\u00e9cificit\u00e9 et notre ind\u00e9pendance, nous pouvons apporter un sang neuf \u00e0 cette forme de vie associative et culturelle que nous constituons<\/em>\u00a0\u00bb.<\/p>\n<p>Un discours qui a fait rapidement l\u2019unanimit\u00e9 autour de l\u2019id\u00e9e qu\u2019il \u00e9tait n\u00e9cessaire de se regrouper pour mieux travailler ensemble, non pas forc\u00e9ment par des actions spectaculaires, mais simplement, pour commencer, par une concertation sur le calendrier des manifestations, par l\u2019organisation de conf\u00e9rences, d\u2019expositions ou de sorties ou visites communes, par l\u2019ouverture des revues d\u2019histoire locale \u00e0 des articles des associations voisines.<\/p>\n<p>Un vaste chantier vient donc de commencer, dans lequel chaque association est pr\u00eate \u00e0 s\u2019investir. Une prochaine rencontre est d\u2019ores et d\u00e9j\u00e0 fix\u00e9e. Le nombre d\u2019associations participantes n\u2019est pas limit\u00e9, puisque celles qui le souhaitent pourront rejoindre le groupe initial.<\/p>\n<p><a href=\"http:\/\/lorrylesmetz-histoire.fr\/wp-content\/uploads\/2017\/08\/CHPM-09-26juin.jpg\" target=\"_blank\" rel=\"noopener\"><img loading=\"lazy\" decoding=\"async\" class=\"wp-image-2441 size-medium aligncenter\" src=\"http:\/\/lorrylesmetz-histoire.fr\/wp-content\/uploads\/2017\/08\/CHPM-09-26juin-300x99.jpg\" alt=\"\" width=\"300\" height=\"99\" srcset=\"http:\/\/lorrylesmetz-histoire.fr\/wp-content\/uploads\/2017\/08\/CHPM-09-26juin-300x99.jpg 300w, http:\/\/lorrylesmetz-histoire.fr\/wp-content\/uploads\/2017\/08\/CHPM-09-26juin.jpg 670w\" sizes=\"auto, (max-width: 300px) 100vw, 300px\" \/><\/a>Texte de Pierre\u00a0Brasme \u2013 Raconte-moi Woippy.<\/p>\n<p>Photo du R\u00e9publicain Lorrain.<\/p>\n<p><a href=\"http:\/\/lorrylesmetz-histoire.fr\/?page_id=2229\"><img loading=\"lazy\" decoding=\"async\" class=\"alignnone wp-image-378 size-full\" src=\"http:\/\/lorrylesmetz-histoire.fr\/wp-content\/uploads\/2017\/05\/retour.png\" alt=\"\" width=\"89\" height=\"31\" \/><\/a><\/p>\n","protected":false},"excerpt":{"rendered":"<p>26\u00a0juin\u00a02009 L\u2019intercommunale des historiens Une premi\u00e8re \u00e0 Woippy\u00a0: une douzaine d\u2019associations d\u2019histoire de Metz et du Pays messin se sont rencontr\u00e9es afin de d\u00e9finir des projets communs. Objectif\u00a0: cr\u00e9er une synergie culturelle et dynamiser l\u2019action de l\u2019ensemble des soci\u00e9t\u00e9s d\u2019histoire.&hellip; <\/p>\n","protected":false},"author":1,"featured_media":0,"parent":2229,"menu_order":2,"comment_status":"closed","ping_status":"closed","template":"","meta":{"_mc_calendar":[],"footnotes":""},"class_list":["post-2379","page","type-page","status-publish","hentry"],"_links":{"self":[{"href":"http:\/\/lorrylesmetz-histoire.fr\/index.php?rest_route=\/wp\/v2\/pages\/2379","targetHints":{"allow":["GET"]}}],"collection":[{"href":"http:\/\/lorrylesmetz-histoire.fr\/index.php?rest_route=\/wp\/v2\/pages"}],"about":[{"href":"http:\/\/lorrylesmetz-histoire.fr\/index.php?rest_route=\/wp\/v2\/types\/page"}],"author":[{"embeddable":true,"href":"http:\/\/lorrylesmetz-histoire.fr\/index.php?rest_route=\/wp\/v2\/users\/1"}],"replies":[{"embeddable":true,"href":"http:\/\/lorrylesmetz-histoire.fr\/index.php?rest_route=%2Fwp%2Fv2%2Fcomments&post=2379"}],"version-history":[{"count":3,"href":"http:\/\/lorrylesmetz-histoire.fr\/index.php?rest_route=\/wp\/v2\/pages\/2379\/revisions"}],"predecessor-version":[{"id":2455,"href":"http:\/\/lorrylesmetz-histoire.fr\/index.php?rest_route=\/wp\/v2\/pages\/2379\/revisions\/2455"}],"up":[{"embeddable":true,"href":"http:\/\/lorrylesmetz-histoire.fr\/index.php?rest_route=\/wp\/v2\/pages\/2229"}],"wp:attachment":[{"href":"http:\/\/lorrylesmetz-histoire.fr\/index.php?rest_route=%2Fwp%2Fv2%2Fmedia&parent=2379"}],"curies":[{"name":"wp","href":"https:\/\/api.w.org\/{rel}","templated":true}]}}