{"id":5127,"date":"2019-12-28T09:36:49","date_gmt":"2019-12-28T08:36:49","guid":{"rendered":"http:\/\/lorrylesmetz-histoire.fr\/?page_id=5127"},"modified":"2019-12-28T09:40:16","modified_gmt":"2019-12-28T08:40:16","slug":"le-pays-lorrain-1963-03","status":"publish","type":"page","link":"http:\/\/lorrylesmetz-histoire.fr\/?page_id=5127","title":{"rendered":"Le Pays lorrain \u2013 1965"},"content":{"rendered":"<p><a href=\"http:\/\/lorrylesmetz-histoire.fr\/?page_id=4996\"><img loading=\"lazy\" decoding=\"async\" class=\"alignnone size-full wp-image-378\" src=\"http:\/\/lorrylesmetz-histoire.fr\/wp-content\/uploads\/2017\/05\/retour.png\" alt=\"\" width=\"89\" height=\"31\" \/><\/a><\/p>\n<h2>Articles<\/h2>\n<table>\n<tbody>\n<tr>\n<td width=\"650\">ANTOINE (Michel). L\u2019Op\u00e9ra de Nancy<\/td>\n<td style=\"text-align: right;\" width=\"60\">1<\/td>\n<\/tr>\n<tr>\n<td>BILLORET (Roger). Les fouilles de la Soci\u00e9t\u00e9 d\u2019Ar\u00adch\u00e9ologie lorraine \u00e0 Grand, campagne de 1965<\/td>\n<td style=\"text-align: right;\">147<\/td>\n<\/tr>\n<tr>\n<td>C. F. Glanes lorraines : La Saint-Napol\u00e9on \u00e0 Millery\u2005; le chemin de fer Remilly-Pont-\u00e0\u00adMousson<\/td>\n<td style=\"text-align: right;\">55<\/td>\n<\/tr>\n<tr>\n<td>CHOUX (Jacques). Un t\u00e9moin de la r\u00e9forme catho\u00adlique en Lorraine : saint Pierre Fourier, 1565-1640<\/td>\n<td style=\"text-align: right;\">129<\/td>\n<\/tr>\n<tr>\n<td>COLLIN (Hubert). L\u2019ancien ch\u00e2teau d\u2019Amance<\/td>\n<td style=\"text-align: right;\">75<\/td>\n<\/tr>\n<tr>\n<td>SALIN (\u00c9douard) et FRANCE-LANORD (Albert). Le Centre de recherches de l\u2019histoire de la Sid\u00e9rurgie et le Mus\u00e9e de l\u2019histoire du Fer<\/td>\n<td style=\"text-align: right;\">117<\/td>\n<\/tr>\n<tr>\n<td>FRAN\u00c7OIS (Ch.). Comment l\u2019Arm\u00e9e am\u00e9ricaine<br \/>\na lib\u00e9r\u00e9 Pont-\u00e0-Mousson en septembre 1944<\/td>\n<td style=\"text-align: right;\">90<\/td>\n<\/tr>\n<tr>\n<td>Colonel DENIS. Les loups du Bois-le-P\u00eatre<\/td>\n<td style=\"text-align: right;\">103<\/td>\n<\/tr>\n<tr>\n<td>RICHARD (Gabriel). Un grand conventionnel lorrain : Joseph-Cl\u00e9ment Poullain de Grand\u00adprey, 1744-1826<\/td>\n<td style=\"text-align: right;\">30<\/td>\n<\/tr>\n<tr>\n<td>\u2014. L\u2019aventureuse carri\u00e8re de Pierre-Fran\u00e7ois Viriot, officier lorrain 1773-1860<\/td>\n<td style=\"text-align: right;\">82<\/td>\n<\/tr>\n<tr>\n<td>HOFFMANN (Charles). Joseph-Marie Oury, compo\u00adsiteur et musicien toulois, 1852-1949<\/td>\n<td style=\"text-align: right;\">48<\/td>\n<\/tr>\n<tr>\n<td>MAR\u00c9 (P.). Le S\u00e9pulcre de Monthureux-sur\u00adSa\u00f4ne<\/td>\n<td style=\"text-align: right;\">69<\/td>\n<\/tr>\n<tr>\n<td>ROLLIN (Ch.). La tentative allemande sur Sainte-Genevi\u00e8ve, 7 septembre 1914<\/td>\n<td style=\"text-align: right;\">44<\/td>\n<\/tr>\n<tr>\n<td>VICTOR (Lalev\u00e9e). La Lorraine h\u00e9ro\u00efque : La Mothe, ville martyre<\/td>\n<td style=\"text-align: right;\">25<\/td>\n<\/tr>\n<\/tbody>\n<\/table>\n<h2>Vari\u00e9t\u00e9s et chroniques<\/h2>\n<table>\n<tbody>\n<tr>\n<td width=\"500\">La vie de la Soci\u00e9t\u00e9 d\u2019Arch\u00e9ologie lorraine et du Mus\u00e9e historique lorrain\u2005; Nouvelles lorraines\u2005; Arch\u00e9ologie<\/td>\n<td style=\"text-align: right;\" width=\"210\">58 \u00e0 60, 157 \u00e0 160<\/td>\n<\/tr>\n<\/tbody>\n<\/table>\n<h2>Bibliographie<\/h2>\n<table>\n<tbody>\n<tr>\n<td width=\"500\">Livres r\u00e9cents<\/td>\n<td style=\"text-align: right;\" width=\"210\">61 \u00e0 67, 162 \u00e0 168<\/td>\n<\/tr>\n<\/tbody>\n<\/table>\n<h2>Notices n\u00e9crologiques<\/h2>\n<table>\n<tbody>\n<tr>\n<td width=\"650\">GUERRIER DE DUMAST (Maxime)<\/td>\n<td style=\"text-align: right;\" width=\"60\">161<\/td>\n<\/tr>\n<tr>\n<td>DAUM (Henri)<\/td>\n<td style=\"text-align: right;\">161<\/td>\n<\/tr>\n<tr>\n<td>GODFRIN (Jean)<\/td>\n<td style=\"text-align: right;\">161<\/td>\n<\/tr>\n<tr>\n<td>LEBLANC (Ren\u00e9)<\/td>\n<td style=\"text-align: right;\">161<\/td>\n<\/tr>\n<tr>\n<td>LEBLANC (Pierre)<\/td>\n<td style=\"text-align: right;\">161<\/td>\n<\/tr>\n<tr>\n<td>PARISOT (Robert)<\/td>\n<td style=\"text-align: right;\">162<\/td>\n<\/tr>\n<\/tbody>\n<\/table>\n<p><a href=\"http:\/\/lorrylesmetz-histoire.fr\/?page_id=4996\"><img loading=\"lazy\" decoding=\"async\" class=\"alignnone size-full wp-image-378\" src=\"http:\/\/lorrylesmetz-histoire.fr\/wp-content\/uploads\/2017\/05\/retour.png\" alt=\"\" width=\"89\" height=\"31\" \/><\/a><\/p>\n","protected":false},"excerpt":{"rendered":"<p>Articles ANTOINE (Michel). L\u2019Op\u00e9ra de Nancy 1 BILLORET (Roger). Les fouilles de la Soci\u00e9t\u00e9 d\u2019Ar\u00adch\u00e9ologie lorraine \u00e0 Grand, campagne de 1965 147 C. F. Glanes lorraines : La Saint-Napol\u00e9on \u00e0 Millery\u2005; le chemin de fer Remilly-Pont-\u00e0\u00adMousson 55 CHOUX (Jacques). Un&hellip; <\/p>\n","protected":false},"author":1,"featured_media":0,"parent":4996,"menu_order":22,"comment_status":"closed","ping_status":"closed","template":"","meta":{"_mc_calendar":[],"footnotes":""},"class_list":["post-5127","page","type-page","status-publish","hentry"],"_links":{"self":[{"href":"http:\/\/lorrylesmetz-histoire.fr\/index.php?rest_route=\/wp\/v2\/pages\/5127","targetHints":{"allow":["GET"]}}],"collection":[{"href":"http:\/\/lorrylesmetz-histoire.fr\/index.php?rest_route=\/wp\/v2\/pages"}],"about":[{"href":"http:\/\/lorrylesmetz-histoire.fr\/index.php?rest_route=\/wp\/v2\/types\/page"}],"author":[{"embeddable":true,"href":"http:\/\/lorrylesmetz-histoire.fr\/index.php?rest_route=\/wp\/v2\/users\/1"}],"replies":[{"embeddable":true,"href":"http:\/\/lorrylesmetz-histoire.fr\/index.php?rest_route=%2Fwp%2Fv2%2Fcomments&post=5127"}],"version-history":[{"count":4,"href":"http:\/\/lorrylesmetz-histoire.fr\/index.php?rest_route=\/wp\/v2\/pages\/5127\/revisions"}],"predecessor-version":[{"id":5150,"href":"http:\/\/lorrylesmetz-histoire.fr\/index.php?rest_route=\/wp\/v2\/pages\/5127\/revisions\/5150"}],"up":[{"embeddable":true,"href":"http:\/\/lorrylesmetz-histoire.fr\/index.php?rest_route=\/wp\/v2\/pages\/4996"}],"wp:attachment":[{"href":"http:\/\/lorrylesmetz-histoire.fr\/index.php?rest_route=%2Fwp%2Fv2%2Fmedia&parent=5127"}],"curies":[{"name":"wp","href":"https:\/\/api.w.org\/{rel}","templated":true}]}}