{"id":5209,"date":"2019-12-29T12:28:34","date_gmt":"2019-12-29T11:28:34","guid":{"rendered":"http:\/\/lorrylesmetz-histoire.fr\/?page_id=5209"},"modified":"2020-01-06T08:46:48","modified_gmt":"2020-01-06T07:46:48","slug":"1910-1911-01","status":"publish","type":"page","link":"http:\/\/lorrylesmetz-histoire.fr\/?page_id=5209","title":{"rendered":"1910-1911 1<sup>er<\/sup> semestre"},"content":{"rendered":"<p><a href=\"http:\/\/lorrylesmetz-histoire.fr\/?page_id=5204\"><img loading=\"lazy\" decoding=\"async\" class=\"alignnone size-full wp-image-378\" src=\"http:\/\/lorrylesmetz-histoire.fr\/wp-content\/uploads\/2017\/05\/retour.png\" alt=\"\" width=\"89\" height=\"31\" \/><\/a><\/p>\n<p>Avril 1910 &#8211; octobre 1910<\/p>\n<h2>I. &#8211; Articles de fond<\/h2>\n<h3>a &#8211; Classement alphab\u00e9tique des mati\u00e8res<\/h3>\n<table>\n<tbody>\n<tr>\n<td width=\"650\">Aubrion (Jean), par FRAN\u00c7OIS BONNARDOT, IV<\/td>\n<td style=\"text-align: right;\" width=\"60\">318<\/td>\n<\/tr>\n<tr>\n<td>Austrasie (Po\u00e9sie), par FOURRIER DE SAINT-VICTOR, II<\/td>\n<td style=\"text-align: right;\">114<\/td>\n<\/tr>\n<tr>\n<td>Belfort, par GEORGES DUCROCQ, II<\/td>\n<td style=\"text-align: right;\">89<\/td>\n<\/tr>\n<tr>\n<td>Berger (Le vieux) (Conte), par ALEX. DE METZ-NOBLAT, III<\/td>\n<td style=\"text-align: right;\">236<\/td>\n<\/tr>\n<tr>\n<td>Bonneval (Le comte de), \u00e0 Bruxelles, par L. DUMONT-WILDEN, VI<\/td>\n<td style=\"text-align: right;\">503<\/td>\n<\/tr>\n<tr>\n<td>Chastellain (Georges), \u00ab L\u00e9al Fran\u00e7ais \u00bb, Chroniqueur de Bourgogne (1405-1474), par Dr J.-M. RAULIN, VI<\/td>\n<td style=\"text-align: right;\">488<\/td>\n<\/tr>\n<tr>\n<td>Condillac et le pays de Jeanne d\u2019Arc, par L\u00c9ON BERNARDIN, III<\/td>\n<td style=\"text-align: right;\">222<\/td>\n<\/tr>\n<tr>\n<td>Demange (Charles), par REN\u00c9 GILLOUIN, II<\/td>\n<td style=\"text-align: right;\">96<\/td>\n<\/tr>\n<tr>\n<td>\u2013 . Lyon\u2005; par L\u00c9ON BERNARDIN, Il<\/td>\n<td style=\"text-align: right;\">109<\/td>\n<\/tr>\n<tr>\n<td>D\u00e9part (Le) pour la croisade, par L\u00c9ON BERNARDIN, VI<\/td>\n<td style=\"text-align: right;\">530<\/td>\n<\/tr>\n<tr>\n<td>D\u00e9sirs d\u2019ab\u00eemes (po\u00e8me), par L\u00c9O LARGUIER, V<\/td>\n<td style=\"text-align: right;\">383<\/td>\n<\/tr>\n<tr>\n<td>Drapeau (Le) (Po\u00e9sie), par G. THELLIER DE PONCHEVILLE, II<\/td>\n<td style=\"text-align: right;\">488<\/td>\n<\/tr>\n<tr>\n<td>Enfance (L\u2019), manuscrit, par CHARLES DEMANGE, I<\/td>\n<td style=\"text-align: right;\">26<\/td>\n<\/tr>\n<tr>\n<td>\u00c9pinal (L\u2019\u00c9glise Saint-Maurice d\u2019), <em>suite<\/em>, par ANDR\u00c9 PHILIPPE, I<\/td>\n<td style=\"text-align: right;\">31<\/td>\n<\/tr>\n<tr>\n<td>\u2013, <em>suite et fin<\/em>, par ANDR\u00c9 PHILIPPE, II<\/td>\n<td style=\"text-align: right;\">116<\/td>\n<\/tr>\n<tr>\n<td>Flandre (Les Vieilles Gens en) (Po\u00e8me), par \u00c9MILE VERHAEREN, VI<\/td>\n<td style=\"text-align: right;\">467<\/td>\n<\/tr>\n<tr>\n<td>Fontaine (\u00c0 la claire), vieille chanson lorraine harmonis\u00e9e, par A. DE RAMAN, I<\/td>\n<td style=\"text-align: right;\">68<\/td>\n<\/tr>\n<tr>\n<td>Friant (\u00c9mile), par MAURICE TOUSSAINT, V<\/td>\n<td style=\"text-align: right;\">407<\/td>\n<\/tr>\n<tr>\n<td>Galsuinde, par RAYMOND SCHWAB, II<\/td>\n<td style=\"text-align: right;\">442<\/td>\n<\/tr>\n<tr>\n<td>Gand (Po\u00e9sie), par GEORGES DUCROCQ, VI<\/td>\n<td style=\"text-align: right;\">501<\/td>\n<\/tr>\n<tr>\n<td>Humour (L\u2019) alsacien, par CLARSOL, V<\/td>\n<td style=\"text-align: right;\">369<\/td>\n<\/tr>\n<tr>\n<td>Inconsolable (L\u2019) (Nouvelle), par G. TH. DE PONCHEVILLE, V<\/td>\n<td style=\"text-align: right;\">419<\/td>\n<\/tr>\n<tr>\n<td>Int\u00e9rieur (Po\u00e9sie), par ANDR\u00c9 LAPON, V<\/td>\n<td style=\"text-align: right;\">395<\/td>\n<\/tr>\n<tr>\n<td>Ivresse vernale (Po\u00e8me), par POL SIMONNET, V<\/td>\n<td style=\"text-align: right;\">408<\/td>\n<\/tr>\n<tr>\n<td>Jardins fran\u00e7ais (Les), par ED. PILON, IV<\/td>\n<td style=\"text-align: right;\">273<\/td>\n<\/tr>\n<tr>\n<td>Lac (Le), par CHARLES DEMANGE, V<\/td>\n<td style=\"text-align: right;\">380<\/td>\n<\/tr>\n<tr>\n<td>Le Couvreur (Adrienne), et la comtesse de Bonneval : Deux admi\u00adratrices du comte de Belle-Isle (lettres in\u00e9dites), par le capitaine MAURICE SAUTAI, V<\/td>\n<td style=\"text-align: right;\">384<\/td>\n<\/tr>\n<tr>\n<td>\u2013 (fin), par le capitaine MAURICE SAUTAI, VI<\/td>\n<td style=\"text-align: right;\">512<\/td>\n<\/tr>\n<tr>\n<td>Mai (Le) (vieille chanson lorraine harmonis\u00e9e), par A. DE RAULIN, II<\/td>\n<td style=\"text-align: right;\">149<\/td>\n<\/tr>\n<tr>\n<td>Mattaincourt (Les proc\u00e8s de sorcellerie \u00e0) au XVII<sup>e<\/sup> si\u00e8cle, par FOURRIER BONNARD, III<\/td>\n<td style=\"text-align: right;\">228<\/td>\n<\/tr>\n<tr>\n<td>Mothe (La), Une forteresse lorraine, par F. DE METZ-NOBLAT, II<\/td>\n<td style=\"text-align: right;\">125<\/td>\n<\/tr>\n<tr>\n<td>Mus\u00e9es (Les) de Lorraine et du Barrois, par ALPH. GERMAIN<\/td>\n<td style=\"text-align: right;\">203<\/td>\n<\/tr>\n<tr>\n<td>Nonie (Nouvelle), par VALENTINE GIBERT<\/td>\n<td style=\"text-align: right;\">308<\/td>\n<\/tr>\n<tr>\n<td>Pologne. (La) n\u2019est pas morte, par L\u00c9ON BERNARDIN, IV<\/td>\n<td style=\"text-align: right;\">325<\/td>\n<\/tr>\n<tr>\n<td>Profit (Quel) peut tirer un Fran\u00e7ais des \u00e9tudes germaniques, par REN\u00c9 LAURET, IV<\/td>\n<td style=\"text-align: right;\">284<\/td>\n<\/tr>\n<tr>\n<td>Provinces (Les) in\u00e9branlables, par GEORGES DUCROCQ, III<\/td>\n<td style=\"text-align: right;\">177<\/td>\n<\/tr>\n<tr>\n<td>Pully (M\u00e9moires du g\u00e9n\u00e9ral de). Ses campagnes de 1792 et de 1793 aux arm\u00e9es du Nord et de la Moselle (extrait), V<\/td>\n<td style=\"text-align: right;\">397<\/td>\n<\/tr>\n<tr>\n<td>Repas (Le) (Po\u00e9sie), par ANDR\u00c9 LAFON, V<\/td>\n<td style=\"text-align: right;\">396<\/td>\n<\/tr>\n<tr>\n<td>Retrait\u00e9 (Le), par ERNEST DIMNET, I<\/td>\n<td style=\"text-align: right;\">43<\/td>\n<\/tr>\n<tr>\n<td>Revenez-y (Po\u00e9sie), par GEORGES DUCROCQ, IV<\/td>\n<td style=\"text-align: right;\">280<\/td>\n<\/tr>\n<tr>\n<td>R\u00eaves des morts (Po\u00e8me), par FOURRIER DE SAINT-VICTOR, IV<\/td>\n<td style=\"text-align: right;\">316<\/td>\n<\/tr>\n<tr>\n<td>Reyer et les Vosges apr\u00e8s la guerre, par \u00c9MILE HENRIOT, I<\/td>\n<td style=\"text-align: right;\">8<\/td>\n<\/tr>\n<tr>\n<td>R\u00f4le (Le) des Wallons dans l\u2019art des Pays-Bas, par MAURICE DES OMBIAUX, VI<\/td>\n<td style=\"text-align: right;\">477<\/td>\n<\/tr>\n<tr>\n<td>Rose (La) sur le Mur (Po\u00e9sie), par GEORGES DUCROCQ, IV<\/td>\n<td style=\"text-align: right;\">282<\/td>\n<\/tr>\n<tr>\n<td>Route (La), par L\u00c9ON SOUGUENET, VI<\/td>\n<td style=\"text-align: right;\">471<\/td>\n<\/tr>\n<tr>\n<td>Saint-Jean d\u2019\u00e9t\u00e9 (La), vieille chanson lorraine, harmonis\u00e9e par A. DE RAULIN, III<\/td>\n<td style=\"text-align: right;\">242<\/td>\n<\/tr>\n<tr>\n<td>Souvenirs de 1848. Journal de WOIRHAYE, d\u00e9put\u00e9 de la Moselle \u00e0 l\u2019Assembl\u00e9e nationale, III<\/td>\n<td style=\"text-align: right;\">186<\/td>\n<\/tr>\n<tr>\n<td>Souvenirs de 1848 (<em>suite et fin<\/em>), IV<\/td>\n<td style=\"text-align: right;\">293<\/td>\n<\/tr>\n<tr>\n<td>Terre natale (La) (Po\u00e9sie), par MAURICE POTTECHER, I<\/td>\n<td style=\"text-align: right;\">21<\/td>\n<\/tr>\n<tr>\n<td>Tournai (Po\u00e9sie), par GEORGES DUCROCQ, IV<\/td>\n<td style=\"text-align: right;\">283<\/td>\n<\/tr>\n<tr>\n<td>Veilleurs (Les) (Po\u00e8me), par L\u00c9O LARGUIER, V<\/td>\n<td style=\"text-align: right;\">381<\/td>\n<\/tr>\n<tr>\n<td>Verger lorrain (Po\u00e8me), par Pol. SIMONNET, V<\/td>\n<td style=\"text-align: right;\">406<\/td>\n<\/tr>\n<tr>\n<td>Vieux mur (Le) (Po\u00e8me), par \u00c9MILE VERHAEREN, VI<\/td>\n<td style=\"text-align: right;\">465<\/td>\n<\/tr>\n<tr>\n<td>Wetterl\u00e9 (Sortie de prison de l\u2019abb\u00e9), par REN\u00c9 HENRY, I<\/td>\n<td style=\"text-align: right;\">1<\/td>\n<\/tr>\n<\/tbody>\n<\/table>\n<h3>b &#8211; Classement alphab\u00e9tique des auteurs<\/h3>\n<table>\n<tbody>\n<tr>\n<td width=\"450\">Bernardin (L\u00e9on)<\/td>\n<td style=\"text-align: right;\" width=\"260\">II, 96\u2005; III, 222\u2005; IV, 325\u2005; VI, 530<\/td>\n<\/tr>\n<tr>\n<td>Bonnardot (Fran\u00e7ois)<\/td>\n<td style=\"text-align: right;\">IV, 318<\/td>\n<\/tr>\n<tr>\n<td>Clarsol<\/td>\n<td style=\"text-align: right;\">V, 369<\/td>\n<\/tr>\n<tr>\n<td>Demange (Charles)<\/td>\n<td style=\"text-align: right;\">I, 26\u2005; V, 380<\/td>\n<\/tr>\n<tr>\n<td>Dimnet (Ernest)<\/td>\n<td style=\"text-align: right;\">I, 43<\/td>\n<\/tr>\n<tr>\n<td>Ducrocq (Georges)<\/td>\n<td style=\"text-align: right;\">II, 89\u2005; III, 177\u2005; IV, 280\u2005; VI, 501<\/td>\n<\/tr>\n<tr>\n<td>Dumont-Wilden (L.)<\/td>\n<td style=\"text-align: right;\">503<\/td>\n<\/tr>\n<tr>\n<td>Fourrier de Saint-Victor<\/td>\n<td style=\"text-align: right;\">II. 114\u2005; III, 228\u2005; IV, 316<\/td>\n<\/tr>\n<tr>\n<td>Gillouin (Ren\u00e9)<\/td>\n<td style=\"text-align: right;\">II, 109<\/td>\n<\/tr>\n<tr>\n<td>Germain (Alph.)<\/td>\n<td style=\"text-align: right;\">III, 203<\/td>\n<\/tr>\n<tr>\n<td>Gibert (Valentine)<\/td>\n<td style=\"text-align: right;\">IV, 309<\/td>\n<\/tr>\n<tr>\n<td>Henry (Ren\u00e9)<\/td>\n<td style=\"text-align: right;\">I, 1<\/td>\n<\/tr>\n<tr>\n<td>Henriot (\u00c9mile)<\/td>\n<td style=\"text-align: right;\">I, 8<\/td>\n<\/tr>\n<tr>\n<td>Lafon (Andr\u00e9)<\/td>\n<td style=\"text-align: right;\">V, 395<\/td>\n<\/tr>\n<tr>\n<td>Larguier (L\u00e9o)<\/td>\n<td style=\"text-align: right;\">V, 381<\/td>\n<\/tr>\n<tr>\n<td>Lauret (Ren\u00e9)<\/td>\n<td style=\"text-align: right;\">IV, 284<\/td>\n<\/tr>\n<tr>\n<td>Metz-Noblat (Alex. de)<\/td>\n<td style=\"text-align: right;\">II, 125\u2005; III, 238<\/td>\n<\/tr>\n<tr>\n<td>Philippe (Andr\u00e9)<\/td>\n<td style=\"text-align: right;\">I, 31\u2005; II, 116<\/td>\n<\/tr>\n<tr>\n<td>Pilon (Ed.)<\/td>\n<td style=\"text-align: right;\">IV, 273<\/td>\n<\/tr>\n<tr>\n<td>Poncheville (Georges Thellier de)<\/td>\n<td style=\"text-align: right;\">II, 92\u2005; V. 419<\/td>\n<\/tr>\n<tr>\n<td>Pottecher (Maurice)<\/td>\n<td style=\"text-align: right;\">I, 21<\/td>\n<\/tr>\n<tr>\n<td>Pully (De)<\/td>\n<td style=\"text-align: right;\">IV, 397<\/td>\n<\/tr>\n<tr>\n<td>Raulin (A. de)<\/td>\n<td style=\"text-align: right;\">I, 68\u2005; II, 149\u2005; III, 242<\/td>\n<\/tr>\n<tr>\n<td>Raulin (D<sup>r<\/sup>, J.-M.)<\/td>\n<td style=\"text-align: right;\">VI, 488<\/td>\n<\/tr>\n<tr>\n<td>Sautai (Capitaine Maurice)<\/td>\n<td style=\"text-align: right;\">V, 384\u2005; VI, 512<\/td>\n<\/tr>\n<tr>\n<td>Schwab (Raymond)<\/td>\n<td style=\"text-align: right;\">II, 142<\/td>\n<\/tr>\n<tr>\n<td>Simonnet (Pol)<\/td>\n<td style=\"text-align: right;\">V, 406<\/td>\n<\/tr>\n<tr>\n<td>Souguenet (L\u00e9on)<\/td>\n<td style=\"text-align: right;\">VI, 471<\/td>\n<\/tr>\n<tr>\n<td>Toussaint (Maurice)<\/td>\n<td style=\"text-align: right;\">V, 409<\/td>\n<\/tr>\n<tr>\n<td>Verhaeren (\u00c9mile)<\/td>\n<td style=\"text-align: right;\">VI, 465<\/td>\n<\/tr>\n<tr>\n<td>Woirhaye<\/td>\n<td style=\"text-align: right;\">III, 186\u2005; IV, 27<\/td>\n<\/tr>\n<\/tbody>\n<\/table>\n<h3>II. &#8211; Bulletin bibliographique et chronique<\/h3>\n<table>\n<tbody>\n<tr>\n<td width=\"650\">Allemagne et Pologne, par L\u00c9ON BERNARDIN, V<\/td>\n<td style=\"text-align: right;\" width=\"60\">437<\/td>\n<\/tr>\n<tr>\n<td>Alsace (L\u2019) contre l\u2019Allemagne. L\u2019exposition Hansi, par R. S&#8230;, IV<\/td>\n<td style=\"text-align: right;\">335<\/td>\n<\/tr>\n<tr>\n<td>Alsace-Lorraine (L\u2019) et la F\u00eate nationale, IV<\/td>\n<td style=\"text-align: right;\">364<\/td>\n<\/tr>\n<tr>\n<td>Alsacien (L\u2019) courtisan, V<\/td>\n<td style=\"text-align: right;\">463<\/td>\n<\/tr>\n<tr>\n<td>Amiti\u00e9s (Les) fran\u00e7aises, IV<\/td>\n<td style=\"text-align: right;\">366<\/td>\n<\/tr>\n<tr>\n<td>Amiti\u00e9s (Les) fran\u00e7aises de Mons, par G. D&#8230;, IV<\/td>\n<td style=\"text-align: right;\">435<\/td>\n<\/tr>\n<tr>\n<td>Amour promis, par \u00c9MILE HENRIOT, I<\/td>\n<td style=\"text-align: right;\">84<\/td>\n<\/tr>\n<tr>\n<td>Appel (L\u2019) de la mer, par RAYMOND SCHWAB, IV<\/td>\n<td style=\"text-align: right;\">348<\/td>\n<\/tr>\n<tr>\n<td>Arc (La bienheureuse Jeanne d\u2019) Son histoire, par F. DE METZ\u2011NOBLAT, H.<\/td>\n<td style=\"text-align: right;\">269<\/td>\n<\/tr>\n<tr>\n<td>Arc (Le Myst\u00e8re de la charit\u00e9 de Jeanne d\u2019), par HENRI MASSIS, II.<\/td>\n<td style=\"text-align: right;\">173<\/td>\n<\/tr>\n<tr>\n<td>Asc\u00e8te (L\u2019), par RAYMOND SCHWAB, V<\/td>\n<td style=\"text-align: right;\">444<\/td>\n<\/tr>\n<tr>\n<td>Aube (L\u2019) romantique : Jules de Ress\u00e9guier et ses amis, par HERBE MASSIS, IV<\/td>\n<td style=\"text-align: right;\">346<\/td>\n<\/tr>\n<tr>\n<td>Avesnes (M\u00e9moires de la Soci\u00e9t\u00e9 arch\u00e9ologique de l\u2019arrondissement d\u2019), par E. CHAMPEAUX, II<\/td>\n<td style=\"text-align: right;\">166<\/td>\n<\/tr>\n<tr>\n<td>Ballades fran\u00e7aises, III<\/td>\n<td style=\"text-align: right;\">263<\/td>\n<\/tr>\n<tr>\n<td>Ballets russes (Sur les), VI<\/td>\n<td style=\"text-align: right;\">569<\/td>\n<\/tr>\n<tr>\n<td>Belgique, II<\/td>\n<td style=\"text-align: right;\">153<\/td>\n<\/tr>\n<tr>\n<td>Belgique allemande (La), III<\/td>\n<td style=\"text-align: right;\">246<\/td>\n<\/tr>\n<tr>\n<td>Belgique (La) moderne, terre d\u2019exp\u00e9riences, VI<\/td>\n<td style=\"text-align: right;\">560<\/td>\n<\/tr>\n<tr>\n<td>Bergson, Ill<\/td>\n<td style=\"text-align: right;\">256<\/td>\n<\/tr>\n<tr>\n<td>Bernadette (Ma fille), par RAYMOND SCHWAB, IV<\/td>\n<td style=\"text-align: right;\">348<\/td>\n<\/tr>\n<tr>\n<td>Bernardin (Une conf\u00e9rence du lieutenant) sur l\u2019histoire de la ville d\u2019\u00c9pinal, par JEAN FRAPELLE, II<\/td>\n<td style=\"text-align: right;\">458<\/td>\n<\/tr>\n<tr>\n<td>Bruit du temps, par RAYMOND SCHWAB, III<\/td>\n<td style=\"text-align: right;\">265<\/td>\n<\/tr>\n<tr>\n<td>Bruxelles (L\u2019exposition de), par G. D., IV<\/td>\n<td style=\"text-align: right;\">333<\/td>\n<\/tr>\n<tr>\n<td>Bruxelles (Une \u0153uvre lorraine \u00e0), par L. D. W., VI<\/td>\n<td style=\"text-align: right;\">541<\/td>\n<\/tr>\n<tr>\n<td>Cahiers (Les) de Charles P\u00e9guy, par HENRI MASSIS, II<\/td>\n<td style=\"text-align: right;\">173<\/td>\n<\/tr>\n<tr>\n<td>Cha\u00eene (La) \u00e9ternelle, par RAYMOND SCHWAB, IV<\/td>\n<td style=\"text-align: right;\">348<\/td>\n<\/tr>\n<tr>\n<td>Chastelard, par MAURICE TOUSSAINT, V<\/td>\n<td style=\"text-align: right;\">450<\/td>\n<\/tr>\n<tr>\n<td>Chateaubriand (Trois amies de), par HENRI MASSIS, IV<\/td>\n<td style=\"text-align: right;\">346<\/td>\n<\/tr>\n<tr>\n<td>Ch\u00e2tillon (Madame de), par \u00c9MILE HENRIOT, VI<\/td>\n<td style=\"text-align: right;\">552<\/td>\n<\/tr>\n<tr>\n<td>Chopin (Le centenaire de), par POLONIUS, I<\/td>\n<td style=\"text-align: right;\">75<\/td>\n<\/tr>\n<tr>\n<td>Choristes silencieux (Les), V<\/td>\n<td style=\"text-align: right;\">162<\/td>\n<\/tr>\n<tr>\n<td>Chronique polonaise, par PoLornus, I<\/td>\n<td style=\"text-align: right;\">87<\/td>\n<\/tr>\n<tr>\n<td>\u2013, par PoLomus, III<\/td>\n<td style=\"text-align: right;\">248<\/td>\n<\/tr>\n<tr>\n<td>\u2013, IV<\/td>\n<td style=\"text-align: right;\">343<\/td>\n<\/tr>\n<tr>\n<td>Comble (Un), V<\/td>\n<td style=\"text-align: right;\">000<\/td>\n<\/tr>\n<tr>\n<td>Commandant (Le) et les Foulb\u00e9. par RAYMOND SCHWAB, IV<\/td>\n<td style=\"text-align: right;\">348<\/td>\n<\/tr>\n<tr>\n<td>Conf\u00e9rence (Une) de M. Ren\u00e9 Henry sur les Alsaciens, I<\/td>\n<td style=\"text-align: right;\">80<\/td>\n<\/tr>\n<tr>\n<td>Conf\u00e9rences (Les) de l\u2019union r\u00e9gionaliste lorraine \u00e0 Nancy, par CHARLES BERLET, III<\/td>\n<td style=\"text-align: right;\">253<\/td>\n<\/tr>\n<tr>\n<td>Conf\u00e9rences fran\u00e7aises \u00e0 Lwow, III<\/td>\n<td style=\"text-align: right;\">253<\/td>\n<\/tr>\n<tr>\n<td>Coups de fusil (A), par F. DE METZ-NOBLAT, VI<\/td>\n<td style=\"text-align: right;\">534<\/td>\n<\/tr>\n<tr>\n<td>Culture allemande (D\u00e9fendons-nous contre la), III<\/td>\n<td style=\"text-align: right;\">246<\/td>\n<\/tr>\n<tr>\n<td>Dans la petite ville, par RAYMOND SCHWAB, V<\/td>\n<td style=\"text-align: right;\">444<\/td>\n<\/tr>\n<tr>\n<td>Del Cour (Notice sur Jean), sculpteur li\u00e9geois, par JULES DESCHAMPS, VI<\/td>\n<td style=\"text-align: right;\">561<\/td>\n<\/tr>\n<tr>\n<td>Demange (L\u2019anniversaire de Charles), V<\/td>\n<td style=\"text-align: right;\">425<\/td>\n<\/tr>\n<tr>\n<td>Demange (Le m\u00e9daillon de Charles), par L\u00c9ON BERNARDIN, IV<\/td>\n<td style=\"text-align: right;\">364<\/td>\n<\/tr>\n<tr>\n<td>Dentelle (La) des heures, par RAYMOND SCHWAB, III<\/td>\n<td style=\"text-align: right;\">265<\/td>\n<\/tr>\n<tr>\n<td>Desbordes-Valmore (Marceline), par \u00c9MILE HENRIOT, V<\/td>\n<td style=\"text-align: right;\">440<\/td>\n<\/tr>\n<tr>\n<td>Dix Javelles (Les), par G. D., III<\/td>\n<td style=\"text-align: right;\">260<\/td>\n<\/tr>\n<tr>\n<td>Domination (La) fran\u00e7aise en Belgique \u00e0 la fin du XVIII<sup>e<\/sup> si\u00e8cle et au commencement du XIX<sup>e<\/sup> si\u00e8cle, par E. C\u2026, II<\/td>\n<td style=\"text-align: right;\">163<\/td>\n<\/tr>\n<tr>\n<td>\u2013, IV<\/td>\n<td style=\"text-align: right;\">348<\/td>\n<\/tr>\n<tr>\n<td>\u00c9chos, VI<\/td>\n<td style=\"text-align: right;\">578<\/td>\n<\/tr>\n<tr>\n<td>\u00c9coles polonaises (Les), par L\u00c9ON BERNARDIN. VI<\/td>\n<td style=\"text-align: right;\">549<\/td>\n<\/tr>\n<tr>\n<td>\u00c9gotisme et acceptation. A quelle philosophie rattacher M. Barr\u00e8s, par HENRI MASSIS, III<\/td>\n<td style=\"text-align: right;\">257<\/td>\n<\/tr>\n<tr>\n<td>\u00c9l\u00e9gies (Les) et les sonnets, III<\/td>\n<td style=\"text-align: right;\">256<\/td>\n<\/tr>\n<tr>\n<td>Engel (L\u2019enseigne de vaisseau), par G. D&#8230;, III<\/td>\n<td style=\"text-align: right;\">245<\/td>\n<\/tr>\n<tr>\n<td>Ennemi des lois (L\u2019). II<\/td>\n<td style=\"text-align: right;\">171<\/td>\n<\/tr>\n<tr>\n<td>Essai sur l\u2019Ordo Miss\u00e6 \u00bb dans les trois dioc\u00e8ses lorrains, Metz, Toul et Verdun, et Remarques sur l\u2019administration des sacrements et sur certaines coutumes liturgiques, en particulier dans le dioc\u00e8se de Toul, par FOURRIER-BONNARD, VI<\/td>\n<td style=\"text-align: right;\">568<\/td>\n<\/tr>\n<tr>\n<td>\u00c9tapes de l\u2019Est (Les), par G. D&#8230;, III<\/td>\n<td style=\"text-align: right;\">262<\/td>\n<\/tr>\n<tr>\n<td>Exposition alsacienne de portraits anciens \u00e0 Strasbourg, par P.-E K\u0152NIG, II<\/td>\n<td style=\"text-align: right;\">159<\/td>\n<\/tr>\n<tr>\n<td>Falier (La croix du cur\u00e9), V<\/td>\n<td style=\"text-align: right;\">436<\/td>\n<\/tr>\n<tr>\n<td><em>Faust<\/em> (Le) de Berlioz, III<\/td>\n<td style=\"text-align: right;\">262<\/td>\n<\/tr>\n<tr>\n<td>Fr\u0153schwiller, Sedan et la Commune par un t\u00e9moin, par LUDOVIC THIRIAUX, V<\/td>\n<td style=\"text-align: right;\">447<\/td>\n<\/tr>\n<tr>\n<td>Garde nationale (La) mobile de 1870, parle lieutenant BERNARDIN, V<\/td>\n<td style=\"text-align: right;\">446<\/td>\n<\/tr>\n<tr>\n<td>Gay (Delphine). Madame de Girardin, par HENRI MASSIS, IV<\/td>\n<td style=\"text-align: right;\">346<\/td>\n<\/tr>\n<tr>\n<td>Gendron (Monsieur) va au peuple, par F. B\u2026, I<\/td>\n<td style=\"text-align: right;\">86<\/td>\n<\/tr>\n<tr>\n<td>Ginette Chatenay, par RAYMOND SCHWAB, IV<\/td>\n<td style=\"text-align: right;\">348<\/td>\n<\/tr>\n<tr>\n<td>Gourmont (R\u00e9my de), par \u00c9MILE HENRIOT, VI<\/td>\n<td style=\"text-align: right;\">569<\/td>\n<\/tr>\n<tr>\n<td>Grande injustice (La), par GEORGES DUCROCQ, V<\/td>\n<td style=\"text-align: right;\">432<\/td>\n<\/tr>\n<tr>\n<td>Gravures (Nos), IV<\/td>\n<td style=\"text-align: right;\">367<\/td>\n<\/tr>\n<tr>\n<td>Gr\u00fcnwald (Le cinq centi\u00e8me anniversaire de la bataille de), par GABRIEL DAUCHOT, I<\/td>\n<td style=\"text-align: right;\">73<\/td>\n<\/tr>\n<tr>\n<td>Gu\u00e9rin (Le centenaire de Maurice de), par HENRI MASSIS, V<\/td>\n<td style=\"text-align: right;\">425<\/td>\n<\/tr>\n<tr>\n<td>Guerre (La) et la paix, IV<\/td>\n<td style=\"text-align: right;\">366<\/td>\n<\/tr>\n<tr>\n<td>Guignol lyonnais (Le), III<\/td>\n<td style=\"text-align: right;\">267<\/td>\n<\/tr>\n<tr>\n<td>Habit (L\u2019) ne fait pas l\u2019empereur, IV<\/td>\n<td style=\"text-align: right;\">000<\/td>\n<\/tr>\n<tr>\n<td>Haendel, par RAYMOND SCHWAB, IV<\/td>\n<td style=\"text-align: right;\">449<\/td>\n<\/tr>\n<tr>\n<td>Hainaut (M\u00e9moires et publications de la Soci\u00e9t\u00e9 des sciences, des arts et des lettres du), II<\/td>\n<td style=\"text-align: right;\">165<\/td>\n<\/tr>\n<tr>\n<td>Histoire tr\u00e8s v\u00e9ridique de deux gredins, par J. G. C., III<\/td>\n<td style=\"text-align: right;\">356<\/td>\n<\/tr>\n<tr>\n<td>Historiens militaires (Nos), III<\/td>\n<td style=\"text-align: right;\">248<\/td>\n<\/tr>\n<tr>\n<td>Honneur aux Alsaciens, IV<\/td>\n<td style=\"text-align: right;\">365<\/td>\n<\/tr>\n<tr>\n<td>Iaegl\u00e9 (Le lieutenant), I<\/td>\n<td style=\"text-align: right;\">71<\/td>\n<\/tr>\n<tr>\n<td>Isabey (J.-B.), par G. D&#8230;, V<\/td>\n<td style=\"text-align: right;\">428<\/td>\n<\/tr>\n<tr>\n<td>Isabey (La vengeance d\u2019), peintre du congr\u00e8s de Vienne, V<\/td>\n<td style=\"text-align: right;\">462<\/td>\n<\/tr>\n<tr>\n<td>Jardins (Dans les) et dans les villes, par \u00c9MILE HENRIOT, VI<\/td>\n<td style=\"text-align: right;\">552<\/td>\n<\/tr>\n<tr>\n<td>Joyeux drille (Un), V<\/td>\n<td style=\"text-align: right;\">461<\/td>\n<\/tr>\n<tr>\n<td>Kiel et Tanger par G. D.. , VI<\/td>\n<td style=\"text-align: right;\">563<\/td>\n<\/tr>\n<tr>\n<td>Langue (La) fran\u00e7aise en Belgique, III<\/td>\n<td style=\"text-align: right;\">272<\/td>\n<\/tr>\n<tr>\n<td>Leurs fils, par RAYMOND SCHWAB, V<\/td>\n<td style=\"text-align: right;\">444<\/td>\n<\/tr>\n<tr>\n<td>Londres (\u00c0 la d\u00e9couverte de), VI<\/td>\n<td style=\"text-align: right;\">567<\/td>\n<\/tr>\n<tr>\n<td>Lucien, par \u00c9MILE HENRIOT, V<\/td>\n<td style=\"text-align: right;\">448<\/td>\n<\/tr>\n<tr>\n<td>Luxembourg (Grand-duch\u00e9 de), I<\/td>\n<td style=\"text-align: right;\">153<\/td>\n<\/tr>\n<tr>\n<td>Luxembourg (Le), pays de langue fran\u00e7aise, par G. D&#8230;, IV<\/td>\n<td style=\"text-align: right;\">336<\/td>\n<\/tr>\n<tr>\n<td>\u2013, pays de langue fran\u00e7aise, V<\/td>\n<td style=\"text-align: right;\">436<\/td>\n<\/tr>\n<tr>\n<td>Luxembourg (Nouvelles du grand-duch\u00e9 de), VI<\/td>\n<td style=\"text-align: right;\">544<\/td>\n<\/tr>\n<tr>\n<td>Ma\u00eetres (Les) classiques du XVIII<sup>e<\/sup> si\u00e8cle : Bach, Haydn, Mozart, Beethoven, II<\/td>\n<td style=\"text-align: right;\">165<\/td>\n<\/tr>\n<tr>\n<td>Mani\u00e8re (A la) de\u2026, par RAYMOND SCHWAB, III 265<\/td>\n<td style=\"text-align: right;\"><\/td>\n<\/tr>\n<tr>\n<td>Marches (Les) en Pologne, IV<\/td>\n<td style=\"text-align: right;\">344<\/td>\n<\/tr>\n<tr>\n<td>Mayran (\u00c9tienne), par \u00c9MILE HENRIOT, IV<\/td>\n<td style=\"text-align: right;\">354<\/td>\n<\/tr>\n<tr>\n<td>Mistral et Corneille (Entre), par G. D., V<\/td>\n<td style=\"text-align: right;\">434<\/td>\n<\/tr>\n<tr>\n<td>Mortcerf (Vers et prose), III<\/td>\n<td style=\"text-align: right;\">263<\/td>\n<\/tr>\n<tr>\n<td>Mulhouse (Soci\u00e9t\u00e9 d\u2019Art de), par j. G. C., IV<\/td>\n<td style=\"text-align: right;\">342<\/td>\n<\/tr>\n<tr>\n<td>Mus\u00e9e de l\u2019arm\u00e9e (Au), I<\/td>\n<td style=\"text-align: right;\">78<\/td>\n<\/tr>\n<tr>\n<td>\u2013, III<\/td>\n<td style=\"text-align: right;\">247<\/td>\n<\/tr>\n<tr>\n<td>Origines (Les) diplomatiques de la guerre de 1870-1871, par G. D., VI<\/td>\n<td style=\"text-align: right;\">565<\/td>\n<\/tr>\n<tr>\n<td>Ornement (L\u2019) des mois, VI<\/td>\n<td style=\"text-align: right;\">560<\/td>\n<\/tr>\n<tr>\n<td>Pages (Les plus belles), par \u00c9MILE HENRIOT, II<\/td>\n<td style=\"text-align: right;\">172<\/td>\n<\/tr>\n<tr>\n<td>\u2013, III<\/td>\n<td style=\"text-align: right;\">264<\/td>\n<\/tr>\n<tr>\n<td>Parabole de l\u2019enfant prodigue, par RAYMOND SCHWAB, II<\/td>\n<td style=\"text-align: right;\">167<\/td>\n<\/tr>\n<tr>\n<td>Parmi les hommes, II<\/td>\n<td style=\"text-align: right;\">000<\/td>\n<\/tr>\n<tr>\n<td>Paroles d\u2019un p\u00e8re, par RAYMOND SCHWAB, III<\/td>\n<td style=\"text-align: right;\">265<\/td>\n<\/tr>\n<tr>\n<td>Pav\u00e9 (Le) du roi, par \u00c9MILE HENRIOT, IV<\/td>\n<td style=\"text-align: right;\">353<\/td>\n<\/tr>\n<tr>\n<td>Pays-Bas (Les anciennes d\u00e9mocraties des), par ERNEST CHAMPEAUX, VI<\/td>\n<td style=\"text-align: right;\">556<\/td>\n<\/tr>\n<tr>\n<td>Pays messin (Au), VI<\/td>\n<td style=\"text-align: right;\">533<\/td>\n<\/tr>\n<tr>\n<td>Petite perle, par RAYMOND SCHWAB, III<\/td>\n<td style=\"text-align: right;\">265<\/td>\n<\/tr>\n<tr>\n<td>Plombi\u00e8res (L\u2019entrevue de), par L. B&#8230;, VI<\/td>\n<td style=\"text-align: right;\">545<\/td>\n<\/tr>\n<tr>\n<td>Plombi\u00e8res (Les eaux de) \u00e0 l\u2019\u00e9poque r\u00e9volutionnaire, par PAUL ODINOT, VI<\/td>\n<td style=\"text-align: right;\">565<\/td>\n<\/tr>\n<tr>\n<td>Pontigny (A), par L\u00c9ON BERNARDIN, VI<\/td>\n<td style=\"text-align: right;\">547<\/td>\n<\/tr>\n<tr>\n<td>Portrait (Le) en France, VI<\/td>\n<td style=\"text-align: right;\">567<\/td>\n<\/tr>\n<tr>\n<td>Portraits tendres et path\u00e9tiques, par RAYMOND SCHWAB, IV<\/td>\n<td style=\"text-align: right;\">348<\/td>\n<\/tr>\n<tr>\n<td>Pourquoi pas\u2005? IV<\/td>\n<td style=\"text-align: right;\">367<\/td>\n<\/tr>\n<tr>\n<td>Pr\u00e9destin\u00e9s (Les), par RAYMOND SCHWAB, IV<\/td>\n<td style=\"text-align: right;\">348<\/td>\n<\/tr>\n<tr>\n<td>Presse allemande (La) sur les relations polono-autrichiennes, III<\/td>\n<td style=\"text-align: right;\">252<\/td>\n<\/tr>\n<tr>\n<td>Proserpine (Le boudoir de), III<\/td>\n<td style=\"text-align: right;\">263<\/td>\n<\/tr>\n<tr>\n<td>Quelques lames de la mer sauvage, par RAYMOND SCHWAB, IV<\/td>\n<td style=\"text-align: right;\">348<\/td>\n<\/tr>\n<tr>\n<td>Regarde de tous tes yeux, par G. D&#8230;, III<\/td>\n<td style=\"text-align: right;\">264<\/td>\n<\/tr>\n<tr>\n<td>Revue des Marches, IV<\/td>\n<td style=\"text-align: right;\">360<\/td>\n<\/tr>\n<tr>\n<td>Revues (Les), par ALPHA, IV<\/td>\n<td style=\"text-align: right;\">357<\/td>\n<\/tr>\n<tr>\n<td>\u2013, par J. RAIVONNE, I<\/td>\n<td style=\"text-align: right;\">156<\/td>\n<\/tr>\n<tr>\n<td>\u2013, par J. RAIVONNE, III<\/td>\n<td style=\"text-align: right;\">269<\/td>\n<\/tr>\n<tr>\n<td>\u2013, par HENRI MASS\u00c9, V<\/td>\n<td style=\"text-align: right;\">453<\/td>\n<\/tr>\n<tr>\n<td>Revues fran\u00e7aises, par JEAN DES VOSGES, I<\/td>\n<td style=\"text-align: right;\">154<\/td>\n<\/tr>\n<tr>\n<td>Revues (Les) (d\u2019histoire et d\u2019arch\u00e9ologie), par E. CHAMPEAUX, V<\/td>\n<td style=\"text-align: right;\">455<\/td>\n<\/tr>\n<tr>\n<td>Revues militaires, V<\/td>\n<td style=\"text-align: right;\">459<\/td>\n<\/tr>\n<tr>\n<td>Revues (Les) r\u00e9gionalistes, par MAURICE TOUSSAINT, V<\/td>\n<td style=\"text-align: right;\">453<\/td>\n<\/tr>\n<tr>\n<td>Revues r\u00e9gionalistes (Les), par MAURICE TOUSSAINT, VI<\/td>\n<td style=\"text-align: right;\">575<\/td>\n<\/tr>\n<tr>\n<td>Rh\u00f4ne (Les mobiles du), VI<\/td>\n<td style=\"text-align: right;\">545<\/td>\n<\/tr>\n<tr>\n<td>Richelieu (\u00c0 propos de) et de la Lorraine, par GR\u00c9MONCOURT, IV<\/td>\n<td style=\"text-align: right;\">341<\/td>\n<\/tr>\n<tr>\n<td>Rod (\u00c9douard), I<\/td>\n<td style=\"text-align: right;\">72<\/td>\n<\/tr>\n<tr>\n<td>Romantisme (Au temps du), par \u00c9MILE HENRIOT, III<\/td>\n<td style=\"text-align: right;\">265<\/td>\n<\/tr>\n<tr>\n<td>Romantisme (Le) et les m\u0153urs, par \u00c9MILE HENRIOT, V<\/td>\n<td style=\"text-align: right;\">440<\/td>\n<\/tr>\n<tr>\n<td>Sainte-Beuve (La salle \u00e0 manger de), par HENRI MASSIS, IV<\/td>\n<td style=\"text-align: right;\">346<\/td>\n<\/tr>\n<tr>\n<td>S\u00e9jour (Un) en France sous Louis XV (lettres du baron de P\u00f6llnitz), par \u00c9MILE HENRIOT, I<\/td>\n<td style=\"text-align: right;\">85<\/td>\n<\/tr>\n<tr>\n<td>Sentiments fraternels, II<\/td>\n<td style=\"text-align: right;\">271<\/td>\n<\/tr>\n<tr>\n<td>Sourdine (En), par \u00c9MILE HENRIOT, III<\/td>\n<td style=\"text-align: right;\">265<\/td>\n<\/tr>\n<tr>\n<td>Sous le vocable du ch\u00eane, II<\/td>\n<td style=\"text-align: right;\">172<\/td>\n<\/tr>\n<tr>\n<td>Strasbourg et en Lorraine (Les Cent-Jours \u00e0), V<\/td>\n<td style=\"text-align: right;\">463<\/td>\n<\/tr>\n<tr>\n<td>Suisse romande (En), par GEORGES DUCROCQ, VI<\/td>\n<td style=\"text-align: right;\">538<\/td>\n<\/tr>\n<tr>\n<td>Suzanne et l\u2019Italie, par \u00c9MILE HENRIOT, I<\/td>\n<td style=\"text-align: right;\">84<\/td>\n<\/tr>\n<tr>\n<td>Talleyrand (M. de) et la mar\u00e9chale Lefebvre, V<\/td>\n<td style=\"text-align: right;\">464<\/td>\n<\/tr>\n<tr>\n<td>T\u00e9m\u00e9raire (Charles le) et les Marches de l\u2019Est, par L\u00c9ON BERNARDIN, I<\/td>\n<td style=\"text-align: right;\">70<\/td>\n<\/tr>\n<tr>\n<td>Thul\u00e9 (De) \u00e0 Ecbatane, par MAURICE TOUSSAINT, III<\/td>\n<td style=\"text-align: right;\">268<\/td>\n<\/tr>\n<tr>\n<td>Touchante obstination, IV<\/td>\n<td style=\"text-align: right;\">366<\/td>\n<\/tr>\n<tr>\n<td>Trust (Le), I<\/td>\n<td style=\"text-align: right;\">82<\/td>\n<\/tr>\n<tr>\n<td>Turenne en Alsace, par L\u00c9ON BERNARDIN, IV<\/td>\n<td style=\"text-align: right;\">355<\/td>\n<\/tr>\n<tr>\n<td>Urbain (Alexandre), par EMMANUEL THUBERT, IV<\/td>\n<td style=\"text-align: right;\">336<\/td>\n<\/tr>\n<tr>\n<td>Verhaeren (\u00c9mile), III<\/td>\n<td style=\"text-align: right;\">255<\/td>\n<\/tr>\n<tr>\n<td>Verhaeren (Un discours de) aux souverains belges, VI<\/td>\n<td style=\"text-align: right;\">544<\/td>\n<\/tr>\n<tr>\n<td>Vie (La) anecdotique et pittoresque des grands \u00e9crivains, par \u00c9MILE HENRIOT, I<\/td>\n<td style=\"text-align: right;\">85<\/td>\n<\/tr>\n<tr>\n<td>Villiers de L\u2019Isle-Adam, III<\/td>\n<td style=\"text-align: right;\">256<\/td>\n<\/tr>\n<tr>\n<td>Vivre, par RAYMOND SCHWAB, III<\/td>\n<td style=\"text-align: right;\">265<\/td>\n<\/tr>\n<tr>\n<td>Vivre, par \u00c9MILE HENRIOT, IV<\/td>\n<td style=\"text-align: right;\">354<\/td>\n<\/tr>\n<tr>\n<td>Vrai champ de bataille (Le), IV<\/td>\n<td style=\"text-align: right;\">366<\/td>\n<\/tr>\n<tr>\n<td>Weiss (Jean-Jacques) et son \u0153uvre litt\u00e9raire, par F. B., I<\/td>\n<td style=\"text-align: right;\">86<\/td>\n<\/tr>\n<tr>\n<td>Zuber (L\u2019exposition), III<\/td>\n<td style=\"text-align: right;\">272<\/td>\n<\/tr>\n<tr>\n<td>Zurich (Bravo,) par G. D&#8230;, III<\/td>\n<td style=\"text-align: right;\">245<\/td>\n<\/tr>\n<\/tbody>\n<\/table>\n<h2>III. \u2013 Illustrations<\/h2>\n<h3>(Bois originaux, h\u00e9liogravures, h\u00e9liotypies, eaux-fortes, simili-gravures)<\/h3>\n<table>\n<tbody>\n<tr>\n<td width=\"650\">Arriv\u00e9e de touristes allemands dans un h\u00f4tel suisse, par HANSI, V<\/td>\n<td style=\"text-align: right;\" width=\"60\">372<\/td>\n<\/tr>\n<tr>\n<td>Baroche (La ferme \u00e0 la), de J.-J. WALTZ, II<\/td>\n<td style=\"text-align: right;\">90<\/td>\n<\/tr>\n<tr>\n<td>Belle-Isle (Le mar\u00e9chal de), gravure de MOLLINI, VI<\/td>\n<td style=\"text-align: right;\">520<\/td>\n<\/tr>\n<tr>\n<td>Bonneval (La comtesse de), par le peintre su\u00e9dois ROSLYN<\/td>\n<td style=\"text-align: right;\">512<\/td>\n<\/tr>\n<tr>\n<td>Conqu\u00eate de l\u2019air (La), dessin de HANSI, V<\/td>\n<td style=\"text-align: right;\">377<\/td>\n<\/tr>\n<tr>\n<td>Colmar (Place Rapp \u00e0), I<\/td>\n<td style=\"text-align: right;\">17<\/td>\n<\/tr>\n<tr>\n<td>Demange (portrait de Charles), I<\/td>\n<td style=\"text-align: right;\">28<\/td>\n<\/tr>\n<tr>\n<td>Discussion politique, par E. FRIANT, V<\/td>\n<td style=\"text-align: right;\">412<\/td>\n<\/tr>\n<tr>\n<td>Dorn\u00e8s, d\u00e9put\u00e9 de l\u2019Assembl\u00e9e nationale, III<\/td>\n<td style=\"text-align: right;\">186<\/td>\n<\/tr>\n<tr>\n<td>Drouais (Monseigneur), III<\/td>\n<td style=\"text-align: right;\">216<\/td>\n<\/tr>\n<tr>\n<td>\u00c9pinal (L\u2019\u00e9glise d\u2019) en 1825, de H. PERROUT, d\u2019apr\u00e8s un dessin de CH. PENS\u00c9E, I<\/td>\n<td style=\"text-align: right;\">36<\/td>\n<\/tr>\n<tr>\n<td>\u00c9pinal (La mise au tombeau d\u2019), II<\/td>\n<td style=\"text-align: right;\">122<\/td>\n<\/tr>\n<tr>\n<td>\u00c9v\u00eaque (Saint), III<\/td>\n<td style=\"text-align: right;\">206<\/td>\n<\/tr>\n<tr>\n<td>Fac-simil\u00e9 d\u2019un parchemin (La Mothe, 1645), II<\/td>\n<td style=\"text-align: right;\">134<\/td>\n<\/tr>\n<tr>\n<td>Flandre (Les Vieilles Gens en), frontispice, un cul-de-lampe et bois ori\u00adginaux en couleur, de Georges Corn\u00e9lius, grav\u00e9s par Beltrand), VI<\/td>\n<td style=\"text-align: right;\">470<\/td>\n<\/tr>\n<tr>\n<td>Guerrier, par G. CORNELIUS, II<\/td>\n<td style=\"text-align: right;\">142<\/td>\n<\/tr>\n<tr>\n<td>Herr Professor au th\u00e9\u00e2tre, par HANSI, IV<\/td>\n<td style=\"text-align: right;\">288<\/td>\n<\/tr>\n<tr>\n<td>Hoffmann (T\u00eate d\u2019), par G. CORN\u00c9LIUS, IV<\/td>\n<td style=\"text-align: right;\">320<\/td>\n<\/tr>\n<tr>\n<td>Lamballe (Portrait de la princesse de), III<\/td>\n<td style=\"text-align: right;\">208<\/td>\n<\/tr>\n<tr>\n<td>Lecouvreur (Adrienne Le), V<\/td>\n<td style=\"text-align: right;\">39<\/td>\n<\/tr>\n<tr>\n<td>Munster (La vall\u00e9e de), eau-forte de MAURICE ACHENER, VI<\/td>\n<td style=\"text-align: right;\">472<\/td>\n<\/tr>\n<tr>\n<td>Mothe (Essai de reconstitution de La) au XVII<sup>e<\/sup> si\u00e8cle, II<\/td>\n<td style=\"text-align: right;\">132<\/td>\n<\/tr>\n<tr>\n<td>Nicole de Dommartin (Vue du tombeau de dame), I<\/td>\n<td style=\"text-align: right;\">40<\/td>\n<\/tr>\n<tr>\n<td>P\u00e9dagogue (Le), de J.-J. WALTZ, I<\/td>\n<td style=\"text-align: right;\">80<\/td>\n<\/tr>\n<tr>\n<td>Piron (Portrait de), Mus\u00e9e de Bar-le-Duc, III<\/td>\n<td style=\"text-align: right;\">218<\/td>\n<\/tr>\n<tr>\n<td>Poturzyca (Paysan de), IV<\/td>\n<td style=\"text-align: right;\">327<\/td>\n<\/tr>\n<tr>\n<td>Poturzyca (1903), IV<\/td>\n<td style=\"text-align: right;\">331<\/td>\n<\/tr>\n<tr>\n<td>Poturzyca (Maison de paysans \u00e0), IV<\/td>\n<td style=\"text-align: right;\">332<\/td>\n<\/tr>\n<tr>\n<td>Pully (Portrait du g\u00e9n\u00e9ral de), IV<\/td>\n<td style=\"text-align: right;\">398<\/td>\n<\/tr>\n<tr>\n<td>Rembrandt (Portrait de), III<\/td>\n<td style=\"text-align: right;\">212<\/td>\n<\/tr>\n<tr>\n<td>Repas frugal, par E. FRIANT, V<\/td>\n<td style=\"text-align: right;\">416<\/td>\n<\/tr>\n<tr>\n<td>Reyer (Portrait du compositeur), par RICHARD-\u00c9MILE HAUMONT, I<\/td>\n<td style=\"text-align: right;\">12<\/td>\n<\/tr>\n<tr>\n<td>Rohan (Anne de), princesse de Guimen\u00e9e<\/td>\n<td style=\"text-align: right;\">112<\/td>\n<\/tr>\n<tr>\n<td>Schlestadt (La rue des Tanneurs \u00e0), de J.-J. WALTZ, I<\/td>\n<td style=\"text-align: right;\">4<\/td>\n<\/tr>\n<tr>\n<td>Slesvig (Une jeune fille du), III<\/td>\n<td style=\"text-align: right;\">180<\/td>\n<\/tr>\n<tr>\n<td>Sainte-Odile (Mur pa\u00efen \u00e0 la montagne), I<\/td>\n<td style=\"text-align: right;\">15<\/td>\n<\/tr>\n<tr>\n<td>Sainte-Odile (Obernai au pied de), I<\/td>\n<td style=\"text-align: right;\">16<\/td>\n<\/tr>\n<tr>\n<td>Thou (Fran\u00e7ois-Auguste de), II<\/td>\n<td style=\"text-align: right;\">110<\/td>\n<\/tr>\n<tr>\n<td>Valdr\u00e9e (Sainte), III<\/td>\n<td style=\"text-align: right;\">205<\/td>\n<\/tr>\n<tr>\n<td>Vieux Mur (Le), frontispice en couleur, bois original de Georges Cor\u00adn\u00e9lius, grav\u00e9 par Beltrand, VI<\/td>\n<td style=\"text-align: right;\">465<\/td>\n<\/tr>\n<tr>\n<td>Vrestuchow, IV<\/td>\n<td style=\"text-align: right;\">329<\/td>\n<\/tr>\n<tr>\n<td>Wetterl\u00e9 (Portrait de l\u2019abb\u00e9), I<\/td>\n<td style=\"text-align: right;\">1<\/td>\n<\/tr>\n<tr>\n<td>Wetterl\u00e9 (Retour de l\u2019abb\u00e9) au couvent des s\u0153urs de Niederbronn o\u00f9 il habite, I<\/td>\n<td style=\"text-align: right;\">7<\/td>\n<\/tr>\n<\/tbody>\n<\/table>\n<p><a href=\"http:\/\/lorrylesmetz-histoire.fr\/?page_id=5204\"><img loading=\"lazy\" decoding=\"async\" class=\"alignnone size-full wp-image-378\" src=\"http:\/\/lorrylesmetz-histoire.fr\/wp-content\/uploads\/2017\/05\/retour.png\" alt=\"\" width=\"89\" height=\"31\" \/><\/a><\/p>\n","protected":false},"excerpt":{"rendered":"<p>Avril 1910 &#8211; octobre 1910 I. &#8211; Articles de fond a &#8211; Classement alphab\u00e9tique des mati\u00e8res Aubrion (Jean), par FRAN\u00c7OIS BONNARDOT, IV 318 Austrasie (Po\u00e9sie), par FOURRIER DE SAINT-VICTOR, II 114 Belfort, par GEORGES DUCROCQ, II 89 Berger (Le vieux)&hellip; <\/p>\n","protected":false},"author":1,"featured_media":0,"parent":5204,"menu_order":0,"comment_status":"closed","ping_status":"closed","template":"","meta":{"_mc_calendar":[],"footnotes":""},"class_list":["post-5209","page","type-page","status-publish","hentry"],"_links":{"self":[{"href":"http:\/\/lorrylesmetz-histoire.fr\/index.php?rest_route=\/wp\/v2\/pages\/5209","targetHints":{"allow":["GET"]}}],"collection":[{"href":"http:\/\/lorrylesmetz-histoire.fr\/index.php?rest_route=\/wp\/v2\/pages"}],"about":[{"href":"http:\/\/lorrylesmetz-histoire.fr\/index.php?rest_route=\/wp\/v2\/types\/page"}],"author":[{"embeddable":true,"href":"http:\/\/lorrylesmetz-histoire.fr\/index.php?rest_route=\/wp\/v2\/users\/1"}],"replies":[{"embeddable":true,"href":"http:\/\/lorrylesmetz-histoire.fr\/index.php?rest_route=%2Fwp%2Fv2%2Fcomments&post=5209"}],"version-history":[{"count":10,"href":"http:\/\/lorrylesmetz-histoire.fr\/index.php?rest_route=\/wp\/v2\/pages\/5209\/revisions"}],"predecessor-version":[{"id":5321,"href":"http:\/\/lorrylesmetz-histoire.fr\/index.php?rest_route=\/wp\/v2\/pages\/5209\/revisions\/5321"}],"up":[{"embeddable":true,"href":"http:\/\/lorrylesmetz-histoire.fr\/index.php?rest_route=\/wp\/v2\/pages\/5204"}],"wp:attachment":[{"href":"http:\/\/lorrylesmetz-histoire.fr\/index.php?rest_route=%2Fwp%2Fv2%2Fmedia&parent=5209"}],"curies":[{"name":"wp","href":"https:\/\/api.w.org\/{rel}","templated":true}]}}